{"id":497,"date":"2021-01-01T16:02:17","date_gmt":"2021-01-01T15:02:17","guid":{"rendered":"http:\/\/www.smsgl.fr\/wp2\/?page_id=497"},"modified":"2021-01-02T17:06:59","modified_gmt":"2021-01-02T16:06:59","slug":"travaux-atelier-determination","status":"publish","type":"page","link":"http:\/\/www.smsgl.fr\/wp2\/travaux-atelier-determination\/","title":{"rendered":"Atelier d\u00e9termination"},"content":{"rendered":"\n<h3><span style=\"text-decoration: underline;\"><strong>D\u00e9termination des 10 et 11 Septembre 2016<\/strong><\/span><\/h3>\n\n\n\n<p><br>Ces champignons ont \u00e9t\u00e9 r\u00e9colt\u00e9s lors du WE \u00e0 Pr\u00e9novel, massif du Jura dans deux for\u00eats de feuillus\/r\u00e9sineux et une tourbi\u00e8re. Le temps \u00e9tait beau, chaud et tr\u00e8s sec.<br>Cette liste sera compl\u00e9t\u00e9e.<\/p>\n\n\n\n<figure class=\"wp-block-table cke_show_border is-style-regular\"><table class=\"has-subtle-pale-pink-background-color has-background\"><tbody><tr><td>Amanita<\/td><td><a href=\"http:\/\/www.mycobel.be\/photomyco\/amanita_fulva_(yd)_1.jpg\" data-cke-saved-href=\"http:\/\/www.mycobel.be\/photomyco\/amanita_fulva_(yd)_1.jpg\">fulva<\/a><\/td><\/tr><tr><td>Boletus<\/td><td><a href=\"http:\/\/www.mycobel.be\/photomyco\/boletus_luridus_(yd)_0612.jpg\" data-cke-saved-href=\"http:\/\/www.mycobel.be\/photomyco\/boletus_luridus_(yd)_0612.jpg\">luridus<\/a><\/td><\/tr><tr><td>Boletus<\/td><td><a href=\"http:\/\/www.mycobel.be\/photomyco\/boletus_pinophilus_(yd)_1.jpg\" data-cke-saved-href=\"http:\/\/www.mycobel.be\/photomyco\/boletus_pinophilus_(yd)_1.jpg\">pinophilus<\/a><\/td><\/tr><tr><td>Cortinaire<\/td><td>?<\/td><\/tr><tr><td>Cratherellus<\/td><td><a href=\"http:\/\/www.mycobel.be\/photomyco\/cantharellus_lutescens_(yd)_0690.jpg\" data-cke-saved-href=\"http:\/\/www.mycobel.be\/photomyco\/cantharellus_lutescens_(yd)_0690.jpg\">lutescens<\/a><\/td><\/tr><tr><td>Cystolepiota (ou Lepiota)<\/td><td><a href=\"http:\/\/www.mycobel.be\/photomyco\/cystolepiota_hetieri_(yd)_1.jpg\" data-cke-saved-href=\"http:\/\/www.mycobel.be\/photomyco\/cystolepiota_hetieri_(yd)_1.jpg\">hetieri <\/a>(ou rufescens)<\/td><\/tr><tr><td>Ganoderma<\/td><td><a href=\"http:\/\/www.mycobel.be\/photomyco\/ganoderma_lucidum_(yd)_2.jpg\" data-cke-saved-href=\"http:\/\/www.mycobel.be\/photomyco\/ganoderma_lucidum_(yd)_2.jpg\">lucidum<\/a><\/td><\/tr><tr><td>Hygrocybe<\/td><td><a href=\"http:\/\/mycodb.com\/photos\/Hygrocybe_coccinea_1998_dr_1.jpg\" data-cke-saved-href=\"http:\/\/mycodb.com\/photos\/Hygrocybe_coccinea_1998_dr_1.jpg\">coccinea<\/a><\/td><\/tr><tr><td>Hypholome<\/td><td>fasciculare<\/td><\/tr><tr><td>Inocybe<\/td><td><a href=\"http:\/\/www.mycobel.be\/photomyco\/inocybe_piriodora_(yd)_0078.jpg\" data-cke-saved-href=\"http:\/\/www.mycobel.be\/photomyco\/inocybe_piriodora_(yd)_0078.jpg\">pyriodora<\/a><\/td><\/tr><tr><td>Lactarius<\/td><td>deliciosus<\/td><\/tr><tr><td>Lactarius<\/td><td><a href=\"http:\/\/www.mycobel.be\/photomyco\/lactarius_fluens_(yd)_2.jpg\" data-cke-saved-href=\"http:\/\/www.mycobel.be\/photomyco\/lactarius_fluens_(yd)_2.jpg\">fluens<\/a><\/td><\/tr><tr><td>Leccinum<\/td><td><a href=\"http:\/\/www.mycobel.be\/photomyco\/leccinum_variicolor_(yd)_1.jpg\" data-cke-saved-href=\"http:\/\/www.mycobel.be\/photomyco\/leccinum_variicolor_(yd)_1.jpg\">variicolor<\/a><\/td><\/tr><tr><td>Megacollybia<\/td><td><a href=\"http:\/\/mycodb.com\/photos\/Megacollybia_platyphylla_2006_rc_1.jpg\" data-cke-saved-href=\"http:\/\/mycodb.com\/photos\/Megacollybia_platyphylla_2006_rc_1.jpg\">platyphylla<\/a><\/td><\/tr><tr><td>Mycena<\/td><td><a href=\"http:\/\/www.mycobel.be\/photomyco\/mycena_renati_(yd)_1.jpg\" data-cke-saved-href=\"http:\/\/www.mycobel.be\/photomyco\/mycena_renati_(yd)_1.jpg\">renatii<\/a><\/td><\/tr><tr><td>Oudemansiella<\/td><td>radicata<\/td><\/tr><tr><td>Oudemansiella<\/td><td>pudens<\/td><\/tr><tr><td>Pluteus<\/td><td>cervinus<\/td><\/tr><tr><td>Polyporus<\/td><td>varius<\/td><\/tr><tr><td>Ramaria<\/td><td>flavia<\/td><\/tr><tr><td><span class='tooltipsall tooltipsincontent classtoolTips9'>Russula<\/span><\/td><td><a href=\"http:\/\/www.mycobel.be\/photomyco\/russula_chloroides_(yd)_1.jpg\" data-cke-saved-href=\"http:\/\/www.mycobel.be\/photomyco\/russula_chloroides_(yd)_1.jpg\">chloroides<\/a><\/td><\/tr><tr><td><span class='tooltipsall tooltipsincontent classtoolTips9'>Russula<\/span><\/td><td><a href=\"http:\/\/www.mycobel.be\/photomyco\/russula_cyanoxantha_(yd)_1.jpg\" data-cke-saved-href=\"http:\/\/www.mycobel.be\/photomyco\/russula_cyanoxantha_(yd)_1.jpg\">cyanoxantha<\/a><\/td><\/tr><tr><td><span class='tooltipsall tooltipsincontent classtoolTips9'>Russula<\/span><\/td><td><a href=\"http:\/\/mycodb.com\/photos\/Russula_laurocerasi_2013_am_1.jpg\" data-cke-saved-href=\"http:\/\/mycodb.com\/photos\/Russula_laurocerasi_2013_am_1.jpg\">laurocerasi<\/a><\/td><\/tr><tr><td><span class='tooltipsall tooltipsincontent classtoolTips9'>Russula<\/span><\/td><td><a href=\"http:\/\/www.mycobel.be\/photomyco\/russula_romellii_(yd)_1.jpg\" data-cke-saved-href=\"http:\/\/www.mycobel.be\/photomyco\/russula_romellii_(yd)_1.jpg\">romellii<\/a><\/td><\/tr><tr><td>Sarcodon<\/td><td><a href=\"http:\/\/www.mycobel.be\/photomyco\/sarcodon_imbricatus_(yd)_0542.jpg\" data-cke-saved-href=\"http:\/\/www.mycobel.be\/photomyco\/sarcodon_imbricatus_(yd)_0542.jpg\">imbricatus<\/a><\/td><\/tr><tr><td>Sarcodon<\/td><td><a href=\"http:\/\/mycodb.com\/photos\/Sarcodon_leucopus_2009_av_1.jpg\" data-cke-saved-href=\"http:\/\/mycodb.com\/photos\/Sarcodon_leucopus_2009_av_1.jpg\">leucopus<\/a><\/td><\/tr><tr><td>Sullius<\/td><td><a href=\"http:\/\/www.mycobel.be\/photomyco\/suillus_variegatus_(yd)_0133.jpg\" data-cke-saved-href=\"http:\/\/www.mycobel.be\/photomyco\/suillus_variegatus_(yd)_0133.jpg\">variegatus<\/a><\/td><\/tr><\/tbody><\/table><\/figure>\n\n\n\n<p><strong>D\u00e9termination du lundi 27 Juin 2016<\/strong><\/p>\n\n\n\n<p>Ces champignons ont \u00e9t\u00e9 r\u00e9colt\u00e9s au col des Ecorbans, au sud-ouest du col des Echarmeaux.<\/p>\n\n\n\n<p>Megacollybia platyphylla<\/p>\n\n\n\n<p>Amanita excelsa et non pas spissa car elle n&rsquo;a pas d&rsquo;odeur.<\/p>\n\n\n\n<p>Amanita citrina<\/p>\n\n\n\n<p>Paxillus involutus<\/p>\n\n\n\n<p>Chrysomphalina chrysophylla, seul un oeil peu attentif pourrait voir l\u00e0 une girolle<br>voir : <a href=\"http:\/\/mycodb.com\/photos\/Chrysomphalina_chrysophylla_2011_gg_1.jpg\" data-cke-saved-href=\"http:\/\/mycodb.com\/photos\/Chrysomphalina_chrysophylla_2011_gg_1.jpg\">http:\/\/mycodb.com\/photos\/Chrysomphalina_chrysophylla_2011_gg_1.jpg<\/a><\/p>\n\n\n\n<p>Phallus impudicus encore \u00ab\u00a0en oeuf\u00a0\u00bb, et l&rsquo;amande a \u00e9t\u00e9 go\u00fbt\u00e9e par Rolande, bof !<\/p>\n\n\n\n<p>Amanita pubescens<\/p>\n\n\n\n<p>Spathularia flavida<br>Voir :<a href=\"http:\/\/mycodb.com\/photos\/Spathularia_flavida_2007_av_1.jpg\" data-cke-saved-href=\"http:\/\/mycodb.com\/photos\/Spathularia_flavida_2007_av_1.jpg\"> http:\/\/mycodb.com\/photos\/Spathularia_flavida_2007_av_1.jpg<\/a><\/p>\n\n\n\n<p>Inocybe nitidiuscula , cystides \u00e0 t\u00eates couronn\u00e9es de cristaux.<br>voir : <a href=\"http:\/\/mycodb.com\/photos\/Inocybe_nitidiuscula_2008_rp_1.jpg\" data-cke-saved-href=\"http:\/\/mycodb.com\/photos\/Inocybe_nitidiuscula_2008_rp_1.jpg\">http:\/\/mycodb.com\/photos\/Inocybe_nitidiuscula_2008_rp_1.jpg<\/a><\/p>\n\n\n\n<p>Peziza granulosa, marge dent\u00e9e, spores biguttul\u00e9es, paraphyses dont l&rsquo;extr\u00e9mit\u00e9 est en massue.<br>Voir : <a href=\"http:\/\/mycodb.com\/photos\/Cheilymenia_granulata_2006_jd_2.jpg\" data-cke-saved-href=\"http:\/\/mycodb.com\/photos\/Cheilymenia_granulata_2006_jd_2.jpg\">http:\/\/mycodb.com\/photos\/Cheilymenia_granulata_2006_jd_2.jpg<\/a><\/p>\n\n\n\n<p>Xerocomus porosporus (oui, Laurent tu as raison !)<\/p>\n\n\n\n<p>_________________________________________<\/p>\n\n\n\n<p><strong>D\u00e9termination du lundi 13\/06\/2016<\/strong><\/p>\n\n\n\n<p>Il s&rsquo;agit essentiellement de sp\u00e9cimens r\u00e9colt\u00e9s au Parc de Lacroix-Laval. La d\u00e9termination a \u00e9galement port\u00e9 sur la ramasse effectu\u00e9e en Vercors dans le cadre de l&rsquo;atelier territoire (voir site)<\/p>\n\n\n\n<p>-<span class='tooltipsall tooltipsincontent classtoolTips9'>Russula<\/span> pectinata : voir : <a href=\"http:\/\/mycodb.com\/photos\/Russula_pectinata_2007_rp_1.jpg\" data-cke-saved-href=\"http:\/\/mycodb.com\/photos\/Russula_pectinata_2007_rp_1.jpg\">http:\/\/mycodb.com\/photos\/<span class='tooltipsall tooltipsincontent classtoolTips9'>Russula<\/span>_pectinata_2007_rp_1.jpg<\/a><br>particuli\u00e8rement piquante, poivr\u00e9e ; apr\u00e8s examen des pil\u00e9ocystides de la cuticule.<\/p>\n\n\n\n<p>-Megacollybia platyphylla :<br>voir <a href=\"http:\/\/mycodb.com\/photos\/Megacollybia_platyphylla_2013_am_1.jpg\" data-cke-saved-href=\"http:\/\/mycodb.com\/photos\/Megacollybia_platyphylla_2013_am_1.jpg\">http:\/\/mycodb.com\/photos\/Megacollybia_platyphylla_2013_am_1.jpg<\/a><\/p>\n\n\n\n<p>-Collybia confluens :<br>voir : <a href=\"http:\/\/www.mycobel.be\/photomyco\/collybia_confluens_(yd)_2.jpg\" data-cke-saved-href=\"http:\/\/www.mycobel.be\/photomyco\/collybia_confluens_(yd)_2.jpg\">http:\/\/www.mycobel.be\/photomyco\/collybia_confluens_(yd)_2.jpg<\/a><\/p>\n\n\n\n<p>Collybia dryophila :<br>voir : <a href=\"http:\/\/mycodb.com\/photos\/Gymnopus_dryophilus_2012_mc_1.jpg\" data-cke-saved-href=\"http:\/\/mycodb.com\/photos\/Gymnopus_dryophilus_2012_mc_1.jpg\">http:\/\/mycodb.com\/photos\/Gymnopus_dryophilus_2012_mc_1.jpg<\/a><\/p>\n\n\n\n<p>-Mycena rosea : voir : <a href=\"http:\/\/mycodb.com\/photos\/Mycena_rosea_2008_gg_1.jpg\" data-cke-saved-href=\"http:\/\/mycodb.com\/photos\/Mycena_rosea_2008_gg_1.jpg\">http:\/\/mycodb.com\/photos\/Mycena_rosea_2008_gg_1.jpg<\/a><\/p>\n\n\n\n<p>-Marasmius alliaceus :<br>voir :<a href=\"http:\/\/mycodb.com\/photos\/Marasmius_alliaceus_2006_jm_1.jpg\" data-cke-saved-href=\"http:\/\/mycodb.com\/photos\/Marasmius_alliaceus_2006_jm_1.jpg\">http:\/\/mycodb.com\/photos\/Marasmius_alliaceus_2006_jm_1.jpg<\/a><\/p>\n\n\n\n<p>-Pluteus for pallescens<br>voir : <a href=\"http:\/\/www.mycobel.be\/photomyco\/pluteus_satur_fo_pallescens_(yd)_3.jpg\" data-cke-saved-href=\"http:\/\/www.mycobel.be\/photomyco\/pluteus_satur_fo_pallescens_(yd)_3.jpg\">http:\/\/www.mycobel.be\/photomyco\/pluteus_satur_fo_pallescens_(yd)_3.jpg<\/a><\/p>\n\n\n\n<p>-Inocybe appendiculata :<br>voir :<a href=\"http:\/\/mycodb.com\/photos\/Inocybe_appendiculata_2005_jf_1.jpg\" data-cke-saved-href=\"http:\/\/mycodb.com\/photos\/Inocybe_appendiculata_2005_jf_1.jpg\">http:\/\/mycodb.com\/photos\/Inocybe_appendiculata_2005_jf_1.jpg<\/a><\/p>\n\n\n\n<p>-Hypholoma fasciculare<\/p>\n\n\n\n<p>-Hypholoma capno\u00efdes<\/p>\n\n\n\n<p>-Paneolus sphinctrinus :<br>voir : <a href=\"http:\/\/www.mycobel.be\/photomyco\/panaeolus_sphinctrinus_(yd)_4.jpg\" data-cke-saved-href=\"http:\/\/www.mycobel.be\/photomyco\/panaeolus_sphinctrinus_(yd)_4.jpg\">http:\/\/www.mycobel.be\/photomyco\/panaeolus_sphinctrinus_(yd)_4.jpg<\/a><\/p>\n\n\n\n<p>pour appr\u00e9cier l&rsquo;aspect nuageux des lames de pan\u00e9ole :<br>voir : <a href=\"http:\/\/www.mycobel.be\/photomyco\/panaeolus_sphinctrinus_(yd)_1.jpg\" data-cke-saved-href=\"http:\/\/www.mycobel.be\/photomyco\/panaeolus_sphinctrinus_(yd)_1.jpg\">http:\/\/www.mycobel.be\/photomyco\/panaeolus_sphinctrinus_(yd)_1.jpg<\/a><\/p>\n\n\n\n<p>-Psathyrella spadiceogrisea :<br>voir : <a href=\"http:\/\/mycodb.com\/photos\/Psathyrella_spadiceogrisea_2011_td_2.jpg\" data-cke-saved-href=\"http:\/\/mycodb.com\/photos\/Psathyrella_spadiceogrisea_2011_td_2.jpg\">http:\/\/mycodb.com\/photos\/Psathyrella_spadiceogrisea_2011_td_2.jpg<\/a><\/p>\n\n\n\n<p>-Amanita junquillea<\/p>\n\n\n\n<p>-Amanita rubescens<\/p>\n\n\n\n<p>-Clathrus archeri : voir :<a href=\"http:\/\/mycodb.com\/photos\/Clathrus_archeri_2006_jg_1.jpg\" data-cke-saved-href=\"http:\/\/mycodb.com\/photos\/Clathrus_archeri_2006_jg_1.jpg\"> http:\/\/mycodb.com\/photos\/Clathrus_archeri_2006_jg_1.jpg<\/a><\/p>\n\n\n\n<p>-Polyporus ciliatus : diff\u00e9rent de brumalis par la petitesse des pores et la pr\u00e9sence de poils sur la&nbsp; marge.<br>voir : <a href=\"http:\/\/mycodb.com\/photos\/Polyporus_ciliatus_2006_jd_1.jpg\" data-cke-saved-href=\"http:\/\/mycodb.com\/photos\/Polyporus_ciliatus_2006_jd_1.jpg\">http:\/\/mycodb.com\/photos\/Polyporus_ciliatus_2006_jd_1.jpg<\/a><\/p>\n\n\n\n<p>&#8211;<a>Hypoxylon<\/a> fragiforme &nbsp;:<br>voir :&nbsp;<a href=\"http:\/\/mycodb.com\/photos\/Hypoxylon_fragiforme_2006_jg_2.jpg\" data-cke-saved-href=\"http:\/\/mycodb.com\/photos\/Hypoxylon_fragiforme_2006_jg_2.jpg\">http:\/\/mycodb.com\/photos\/Hypoxylon_fragiforme_2006_jg_2.jpg<\/a><\/p>\n\n\n\n<p>-Geoglossum cookeianum :<br>voir : <a href=\"http:\/\/mycodb.com\/photos\/Geoglossum_cookeianum_2004_dr_1.jpg\" data-cke-saved-href=\"http:\/\/mycodb.com\/photos\/Geoglossum_cookeianum_2004_dr_1.jpg\">http:\/\/mycodb.com\/photos\/Geoglossum_cookeianum_2004_dr_1.jpg<\/a><\/p>\n\n\n\n<p>-Cyathus striatus : voir : <a href=\"http:\/\/mycodb.com\/photos\/Cyathus_striatus_2011_td_1.jpg\" data-cke-saved-href=\"http:\/\/mycodb.com\/photos\/Cyathus_striatus_2011_td_1.jpg\">http:\/\/mycodb.com\/photos\/Cyathus_striatus_2011_td_1.jpg<\/a><\/p>\n\n\n\n<p>_______________________________________________________________________<\/p>\n\n\n\n<p><strong>D\u00e9termination du lundi 06\/06\/2016 ;<\/strong><\/p>\n\n\n\n<p>Inocybe fastigiata : voir : <a href=\"http:\/\/mycodb.com\/photos\/Inocybe_fastigiata_2009_jf_1.jpg\" data-cke-saved-href=\"http:\/\/mycodb.com\/photos\/Inocybe_fastigiata_2009_jf_1.jpg\">http:\/\/mycodb.com\/photos\/Inocybe_fastigiata_2009_jf_1.jpg<\/a><\/p>\n\n\n\n<p>Psathyrella candolleana :<br>voir : <a href=\"http:\/\/mycodb.com\/photos\/Psathyrella_candolleana_2007_av_1.jpg\" data-cke-saved-href=\"http:\/\/mycodb.com\/photos\/Psathyrella_candolleana_2007_av_1.jpg\">http:\/\/mycodb.com\/photos\/Psathyrella_candolleana_2007_av_1.jpg<\/a><\/p>\n\n\n\n<p>Hygrocybe pseudoconica :<br>voir : http:\/\/mycodb.com\/photos\/Hygrocybe_pseudoconica_2001_dr_1.jpg<\/p>\n\n\n\n<p>La diff\u00e9rence entre H. conica et H. pseudoconica r\u00e9side dans le fait que H. conica a des basides bisporiques. A partir du moment o\u00f9 on observe des basides t\u00e9trasporiques, comme c&rsquo;\u00e9tait le cas, le doute n&rsquo;\u00e9tait plus permis.<\/p>\n\n\n\n<p>Megacollybia platyphylla :<br>voir : http:\/\/mycodb.com\/photos\/Megacollybia_platyphylla_2013_am_1.jpg<\/p>\n\n\n\n<p>Un polyporus, tr\u00e8s \u00e2g\u00e9, \u00e0 pied central ; pardon ! \u00e0 <span class='tooltipsall tooltipsincontent classtoolTips11'><span class='tooltipsall tooltipsincontent classtoolTips11'>stipe<\/span><\/span> central, peut-\u00eatre brumalis&#8230;<\/p>\n\n\n\n<p>Agaricus vaporarius :<br>voir : http:\/\/www.mycobel.be\/photomyco\/agaricus_vaporarius_(yd)_3.jpg<\/p>\n\n\n\n<p>Et puis une amanite tr\u00e8s jeune, tr\u00e8s ferme dont le chapeau \u00e9tait encore sous le voile, base du <span class='tooltipsall tooltipsincontent classtoolTips11'><span class='tooltipsall tooltipsincontent classtoolTips11'>stipe<\/span><\/span> radicante.<br>Amanita franchetii var. aspera<br>voir : http:\/\/www.francini-mycologie.fr\/MYCOLOGIE\/LES_AUTRES_CHAMPIGNONS\/Amanita_franchetii_2015.jpg<\/p>\n\n\n\n<p>Et puis une troupe particuli\u00e8rement nombreuse de : Coprinus disseminatus :<br>voir : <a href=\"http:\/\/mycodb.com\/photos\/Coprinellus_disseminatus_2007_jd_1.jpg\" data-cke-saved-href=\"http:\/\/mycodb.com\/photos\/Coprinellus_disseminatus_2007_jd_1.jpg\">http:\/\/mycodb.com\/photos\/Coprinellus_disseminatus_2007_jd_1.jpg<\/a><br>Ce champignon a fait l&rsquo;objet d&rsquo;une d\u00e9termination par J.P. sur notre site, voir :<br><a href=\"http:\/\/www.smsgl.fr\/wp\/?topic=exercice-pratique-de-determination-n-1\" data-cke-saved-href=\"http:\/\/www.smsgl.fr\/wp\/?topic=exercice-pratique-de-determination-n-1\">http:\/\/www.smsgl.fr\/wp\/?topic=exercice-pratique-de-determination-n-1<\/a><\/p>\n\n\n\n<p>_____________________________________________________________________<\/p>\n\n\n\n<p><strong>D\u00e9termination du lundi 25\/04\/2016 ;<\/strong><\/p>\n\n\n\n<p>Encore un Calocybe gambosa<\/p>\n\n\n\n<p>Agrocybe praecox : voir <a href=\"http:\/\/mycodb.com\/photos\/Agrocybe_praecox_2007_rp_2.jpg\" data-cke-saved-href=\"http:\/\/mycodb.com\/photos\/Agrocybe_praecox_2007_rp_2.jpg\">http:\/\/mycodb.com\/photos\/Agrocybe_praecox_2007_rp_2.jpg<\/a><\/p>\n\n\n\n<p>Encore Hypholoma sublateritium<\/p>\n\n\n\n<p>____________________________________________________________________<\/p>\n\n\n\n<p><strong>D\u00e9termination du lundi 11\/04\/2016 ;<\/strong><\/p>\n\n\n\n<p>Tout d&rsquo;abord, honneur \u00e0 la beaut\u00e9 (mycologique !) :<br>Calocybe gambosa : on appr\u00e9cie toujours autant son parfum de farine fra\u00eeche !<br>voir : <a href=\"http:\/\/mycodb.com\/photos\/Calocybe_gambosa_2006_jd_1.jpg\" data-cke-saved-href=\"http:\/\/mycodb.com\/photos\/Calocybe_gambosa_2006_jd_1.jpg\">http:\/\/mycodb.com\/photos\/Calocybe_gambosa_2006_jd_1.jpg<\/a><\/p>\n\n\n\n<p>Hypholoma sublateritium : cueilli en touffes sur souche de tremble.<br>voir : <a href=\"http:\/\/mycodb.com\/photos\/Hypholoma_lateritium_2015_td_1.jpg\" data-cke-saved-href=\"http:\/\/mycodb.com\/photos\/Hypholoma_lateritium_2015_td_1.jpg\">http:\/\/mycodb.com\/photos\/Hypholoma_lateritium_2015_td_1.jpg<\/a><\/p>\n\n\n\n<p>Pluteus cervinus : on observe les cheilocystides \u00e0 crochets.<br>voir : <a href=\"http:\/\/mycodb.com\/photos\/Pluteus_cervinus_2007_am_1.jpg\" data-cke-saved-href=\"http:\/\/mycodb.com\/photos\/Pluteus_cervinus_2007_am_1.jpg\">http:\/\/mycodb.com\/photos\/Pluteus_cervinus_2007_am_1.jpg<\/a><br>et <a href=\"http:\/\/mycodb.com\/photos\/Pluteus_cervinus_2007_av_2.jpg\" data-cke-saved-href=\"http:\/\/mycodb.com\/photos\/Pluteus_cervinus_2007_av_2.jpg\">http:\/\/mycodb.com\/photos\/Pluteus_cervinus_2007_av_2.jpg<\/a><\/p>\n\n\n\n<p>Psathyrella spadiceogrisea :<br>voir : <a href=\"http:\/\/mycodb.com\/photos\/Psathyrella_spadiceogrisea_2007_jd_1.jpg\" data-cke-saved-href=\"http:\/\/mycodb.com\/photos\/Psathyrella_spadiceogrisea_2007_jd_1.jpg\">http:\/\/mycodb.com\/photos\/Psathyrella_spadiceogrisea_2007_jd_1.jpg<\/a><\/p>\n\n\n\n<p>Helvella queletii : sur les berges sablonneuses du Garon<br>voir :&nbsp;<a href=\"http:\/\/mycodb.com\/photos\/Helvella_solitaria_2007_av_1.jpg\" data-cke-saved-href=\"http:\/\/mycodb.com\/photos\/Helvella_solitaria_2007_av_1.jpg\">http:\/\/mycodb.com\/photos\/Helvella_solitaria_2007_av_1.jpg<\/a><\/p>\n\n\n\n<p>et puis Paul nous avait apport\u00e9 un plateau \u00ab\u00a0rempli\u00a0\u00bb de&nbsp; spores \u00e9normes (70 x 20\u00b5)de Verpa bohemica. Comme il n&rsquo;a pas apport\u00e9 les champis, il n&rsquo;y a que la photo des spores.<br>voir :&nbsp;<a href=\"http:\/\/mycodb.com\/photos\/Verpa_bohemica_2014_jcc_2.jpg\" data-cke-saved-href=\"http:\/\/mycodb.com\/photos\/Verpa_bohemica_2014_jcc_2.jpg\">http:\/\/mycodb.com\/photos\/Verpa_bohemica_2014_jcc_2.jpg<\/a><\/p>\n\n\n\n<p>__________________________________________________________________<\/p>\n\n\n\n<p><strong>D\u00e9termination du lundi 14\/03\/2016 ;<\/strong><\/p>\n\n\n\n<p>Les champis d\u00e9termin\u00e9s sont ceux de la sortie \u00e0Saint Georges-en-Couzan le 12 mars.<\/p>\n\n\n\n<p>6 exemplaires de Hygrophorus marzuolus :<\/p>\n\n\n\n<p>Nous \u00e9tions 19 \u00e0 les traquer, ils ne pouvaient pas nous \u00e9chapper !<br>voir&nbsp; :<a href=\"http:\/\/mycodb.com\/photos\/Hygrophorus_marzuolus_2004_ns_1.jpg\" data-cke-saved-href=\"http:\/\/mycodb.com\/photos\/Hygrophorus_marzuolus_2004_ns_1.jpg\">http:\/\/mycodb.com\/photos\/Hygrophorus_marzuolus_2004_ns_1.jpg<\/a><\/p>\n\n\n\n<p>Hypholoma capnoides :<br>voir <a href=\"http:\/\/mycodb.com\/photos\/Hypholoma_capnoides_2012_em_1.jpg\" data-cke-saved-href=\"http:\/\/mycodb.com\/photos\/Hypholoma_capnoides_2012_em_1.jpg\">http:\/\/mycodb.com\/photos\/Hypholoma_capnoides_2012_em_1.jpg<\/a><\/p>\n\n\n\n<p>Polyporus ciliatus (et non pas brumalis) ; en effet il faut regarder la marge et constater qu&rsquo;elle est orn\u00e9e de poils cili\u00e9s, le <span class='tooltipsall tooltipsincontent classtoolTips11'><span class='tooltipsall tooltipsincontent classtoolTips11'>stipe<\/span><\/span> est chin\u00e9.<br>voir :<a href=\"http:\/\/www.mycobel.be\/photomyco\/polyporus_ciliatus_(yd)_2.jpg\" data-cke-saved-href=\"http:\/\/www.mycobel.be\/photomyco\/polyporus_ciliatus_(yd)_2.jpg\">http:\/\/www.mycobel.be\/photomyco\/polyporus_ciliatus_(yd)_2.jpg<\/a><\/p>\n\n\n\n<p>Clitocybe deceptiva (ou suaveolens) : on a d\u00fb, pour trancher avec fragrans, consulter Breitenbach.<br>voir <a href=\"http:\/\/mycodb.com\/photos\/Clitocybe_suaveolens_2003.jpg\" data-cke-saved-href=\"http:\/\/mycodb.com\/photos\/Clitocybe_suaveolens_2003.jpg\">http:\/\/mycodb.com\/photos\/Clitocybe_suaveolens_2003.jpg<\/a><\/p>\n\n\n\n<p>Strobilurus tenacellus : sur c\u00f4nes enfouis de pins ! Les cystides sont pointues et allong\u00e9es et les spores sont arqu\u00e9es. La saveur est \u00e2pre.<br>voir : <a href=\"http:\/\/mycodb.com\/photos\/Strobilurus_tenacellus_2008_am_1.jpg\" data-cke-saved-href=\"http:\/\/mycodb.com\/photos\/Strobilurus_tenacellus_2008_am_1.jpg\">http:\/\/mycodb.com\/photos\/Strobilurus_tenacellus_2008_am_1.jpg<\/a><\/p>\n\n\n\n<p>Strobilurus stephanocystis : sur c\u00f4nes \u00e9galement, les cystides sont couronn\u00e9es et la saveur est douce.<br>voir :<a href=\"http:\/\/cemachampi.blogs.sudouest.fr\/media\/00\/01\/1220701717.jpg\" data-cke-saved-href=\"http:\/\/cemachampi.blogs.sudouest.fr\/media\/00\/01\/1220701717.jpg\"> http:\/\/cemachampi.blogs.sudouest.fr\/media\/00\/01\/1220701717.jpg<\/a><\/p>\n\n\n\n<p>Cortinarius decipiens : spores orn\u00e9es.<br>voir : <a href=\"http:\/\/www.mycobel.be\/photomyco\/cortinarius_decipiens_(yd)_1.jpg\" data-cke-saved-href=\"http:\/\/www.mycobel.be\/photomyco\/cortinarius_decipiens_(yd)_1.jpg\">http:\/\/www.mycobel.be\/photomyco\/cortinarius_decipiens_(yd)_1.jpg<\/a><\/p>\n\n\n\n<p>Dacrymyces variisporus (et non pas stillatus) : spores l\u00e9g\u00e8rement arqu\u00e9es, les hyphes sont plus \u00e9troites (1 \u00e0 2\u00b5) que celles de stillatus.<br>voir : <a href=\"http:\/\/mycodb.com\/photos\/Dacrymyces_variisporus_2012_ac_1.jpg\" data-cke-saved-href=\"http:\/\/mycodb.com\/photos\/Dacrymyces_variisporus_2012_ac_1.jpg\">http:\/\/mycodb.com\/photos\/Dacrymyces_variisporus_2012_ac_1.jpg<\/a><\/p>\n\n\n\n<p>____________________________________________________________________________________<\/p>\n\n\n\n<p><strong>D\u00e9termination du lundi 29\/02\/2016 ;<\/strong><\/p>\n\n\n\n<p>Sarcoscypha coccinea :<br>voir <a href=\"http:\/\/www.mycobel.be\/photomyco\/sarcoscypha_coccinea_(yd)_couv.jpg\" data-cke-saved-href=\"http:\/\/www.mycobel.be\/photomyco\/sarcoscypha_coccinea_(yd)_couv.jpg\">http:\/\/www.mycobel.be\/photomyco\/sarcoscypha_coccinea_(yd)_couv.jpg<\/a><br>De grandes belles spores lisses. des paraphyses filiformes de couleur verte dans l&rsquo;iode.<\/p>\n\n\n\n<p>Volvariella gloiocephala :<br>voir : <a href=\"http:\/\/www.mycobel.be\/photomyco\/volvariella_gloiocephala_(yd)_2.jpg\" data-cke-saved-href=\"http:\/\/www.mycobel.be\/photomyco\/volvariella_gloiocephala_(yd)_2.jpg\">http:\/\/www.mycobel.be\/photomyco\/volvariella_gloiocephala_(yd)_2.jpg<\/a><br>Un exemplaire \u00ab\u00a0fatigu\u00e9\u00a0\u00bb mais pouvant \u00eatre d\u00e9termin\u00e9 gr\u00e2ce \u00e0 sa spor\u00e9e brune et sa volve.<\/p>\n\n\n\n<p>__________________________________________________________________________________________<\/p>\n\n\n\n<p><strong>D\u00e9termination du lundi 08\/02\/2016 ;<\/strong><\/p>\n\n\n\n<p>Lyophyllum decastes : voir&nbsp;<a href=\"http:\/\/www.mycobel.be\/photomyco\/lyophyllum_decastes_(yd)_1.jpg\" data-cke-saved-href=\"http:\/\/www.mycobel.be\/photomyco\/lyophyllum_decastes_(yd)_1.jpg\">http:\/\/www.mycobel.be\/photomyco\/lyophyllum_decastes_(yd)_1.jpg<\/a><\/p>\n\n\n\n<p>Et un champi dont tout un chacun dit qu&rsquo;il s&rsquo;agit, \u00e0 la premi\u00e8re observation) qu&rsquo;il est Laccaria laccata, mais dont les spores correspondent \u00e0 Laccaria amethystina. Myst\u00e8re ! En fait, les repr\u00e9sentations des spores et leurs dimensions, <u>chez Le Bon<\/u>, sont erron\u00e9es : elles sont globuleuses et de 10\u00b5m de diam\u00e8tre ; bilan, il s&rsquo;agit bien de laccata, c&rsquo;est certain si tant est qu&rsquo;on puisse avoir des certitudes en&#8230;mycologie !<\/p>\n\n\n\n<p>voir : <a href=\"http:\/\/mycodb.com\/photos\/Laccaria_laccata_2005_pr_1.jpg\" data-cke-saved-href=\"http:\/\/mycodb.com\/photos\/Laccaria_laccata_2005_pr_1.jpg\">http:\/\/mycodb.com\/photos\/Laccaria_laccata_2005_pr_1.jpg<\/a><\/p>\n\n\n\n<p>_____________________________________________________________________________________<\/p>\n\n\n\n<p><strong>D\u00e9termination du lundi 01\/02\/2016 ;<\/strong><\/p>\n\n\n\n<p>Entoloma hirtipes : voir : <a href=\"http:\/\/www.mycobel.be\/photomyco\/entoloma_hirtipes_(yd)_2.jpg\" data-cke-saved-href=\"http:\/\/www.mycobel.be\/photomyco\/entoloma_hirtipes_(yd)_2.jpg\">http:\/\/www.mycobel.be\/photomyco\/entoloma_hirtipes_(yd)_2.jpg<\/a><br>La d\u00e9termination du genre s&rsquo;est pass\u00e9e sans probl\u00e8me \u00e0 partir de la spor\u00e9e et de l\u00a0\u00bballure macro. Le genre a \u00e9t\u00e9 confirm\u00e9 par l&rsquo;observation des spores anguleuses.<\/p>\n\n\n\n<p>Pour l&rsquo;esp\u00e8ce, en revanche, nous \u00e9tions partis sur <em>auranaeosum ; <\/em>Daniel Gendre \u00e0 partir de la cl\u00e9 du Breitenbach a trouv\u00e9 <u><em>hirtipes<\/em><\/u> confirm\u00e9 par l&rsquo;observation des hyphes de la cuticule.<\/p>\n\n\n\n<p>Bel apr\u00e8s-midi !<\/p>\n\n\n\n<p>______________________________________________________________________________________<\/p>\n\n\n\n<p><strong>D\u00e9termination du lundi 25\/01\/2016 ;<\/strong><\/p>\n\n\n\n<p>Lepista sordida ou tarda ; voir : <a href=\"http:\/\/mycodb.com\/photos\/Lepista_sordida_2006_av_1.jpg\" data-cke-saved-href=\"http:\/\/mycodb.com\/photos\/Lepista_sordida_2006_av_1.jpg\">http:\/\/mycodb.com\/photos\/Lepista_sordida_2006_av_1.jpg<\/a><\/p>\n\n\n\n<p><a href=\"http:\/\/mycodb.com\/photos\/Lepista_sordida_2006_av_1.jpg\" data-cke-saved-href=\"http:\/\/mycodb.com\/photos\/Lepista_sordida_2006_av_1.jpg\">Compte tenu de la taille plut\u00f4t r\u00e9duite du chapeau on pencherait davantage pour tarda. L&rsquo;examen micro n&rsquo;a pas \u00e9t\u00e9 fait.<\/a><\/p>\n\n\n\n<p>______________________________________________________________________________________<\/p>\n\n\n\n<p><strong>D\u00e9termination du lundi 11\/01\/2016 ;<\/strong><\/p>\n\n\n\n<p>Lyophyllum decastes ; voir <a href=\"http:\/\/mycodb.com\/photos\/Lyophyllum_decastes_2008_av_1.jpg\" data-cke-saved-href=\"http:\/\/mycodb.com\/photos\/Lyophyllum_decastes_2008_av_1.jpg\">http:\/\/mycodb.com\/photos\/Lyophyllum_decastes_2008_av_1.jpg<\/a><\/p>\n\n\n\n<p>De tr\u00e8s belles Pleurotes en hu\u00eetre issue de la \u00ab\u00a0culture\u00a0\u00bb de Paul ;<\/p>\n\n\n\n<p>Lepista sordida ; l&rsquo;exemplaire \u00e9tait en mauvais \u00e9tat, satut\u00e9 d&rsquo;humidit\u00e9 ; on attend la confirmation de Daniel ;<br>voir : <a href=\"http:\/\/mycodb.com\/photos\/Lepista_sordida_2006_jg_1.jpg\" data-cke-saved-href=\"http:\/\/mycodb.com\/photos\/Lepista_sordida_2006_jg_1.jpg\">http:\/\/mycodb.com\/photos\/Lepista_sordida_2006_jg_1.jpg<\/a><\/p>\n\n\n\n<p>Polyporus brumalis ; voir <a href=\"http:\/\/mycodb.com\/photos\/Polyporus_brumalis_2010_jd_1.jpg\" data-cke-saved-href=\"http:\/\/mycodb.com\/photos\/Polyporus_brumalis_2010_jd_1.jpg\">http:\/\/mycodb.com\/photos\/Polyporus_brumalis_2010_jd_1.jpg<\/a><\/p>\n\n\n\n<p>Hebeloma leucosarx; voir : <a href=\"http:\/\/mycodb.com\/photos\/Hebeloma_leucosarx_2010_td_2.jpg\" data-cke-saved-href=\"http:\/\/mycodb.com\/photos\/Hebeloma_leucosarx_2010_td_2.jpg\">http:\/\/mycodb.com\/photos\/Hebeloma_leucosarx_2010_td_2.jpg<\/a><\/p>\n\n\n\n<p>Tricholoma scalpturatum ;<br>voir : <a href=\"http:\/\/mycodb.com\/photos\/Tricholoma_scalpturatum_2006_am_2.jpg\" data-cke-saved-href=\"http:\/\/mycodb.com\/photos\/Tricholoma_scalpturatum_2006_am_2.jpg\">http:\/\/mycodb.com\/photos\/Tricholoma_scalpturatum_2006_am_2.jpg<\/a><\/p>\n\n\n\n<p>Pluteus nanus fo. griseopus ; voir : <a href=\"http:\/\/mycodb.com\/photos\/Pluteus_nanus_2009_rp_3.jpg\" data-cke-saved-href=\"http:\/\/mycodb.com\/photos\/Pluteus_nanus_2009_rp_3.jpg\">http:\/\/mycodb.com\/photos\/Pluteus_nanus_2009_rp_3.jpg<\/a><\/p>\n\n\n\n<p>Clitocybe metachroa ; voir : <a href=\"http:\/\/mycodb.com\/photos\/Clitocybe_metachroa_2011_td_1.jpg\" data-cke-saved-href=\"http:\/\/mycodb.com\/photos\/Clitocybe_metachroa_2011_td_1.jpg\">http:\/\/mycodb.com\/photos\/Clitocybe_metachroa_2011_td_1.jpg<\/a><\/p>\n\n\n\n<p>Galerina sideroides ; voir :<a href=\"http:\/\/mycodb.com\/photos\/Galerina_sideroides_2012_pd_1.jpg\" data-cke-saved-href=\"http:\/\/mycodb.com\/photos\/Galerina_sideroides_2012_pd_1.jpg\">http:\/\/mycodb.com\/photos\/Galerina_sideroides_2012_pd_1.jpg<\/a><\/p>\n\n\n\n<p>_______________________________________________________________________________________<\/p>\n\n\n\n<p><strong>D\u00e9termination du lundi 14\/12\/2015 ;<\/strong><\/p>\n\n\n\n<p>Clitocybe deceptiva&nbsp;; forte odeur d&rsquo;anis, suave, fruit\u00e9e (une attaque d&rsquo;amande pour certains!)<\/p>\n\n\n\n<p>Ce champignon est \u00e9galement appel\u00e9&nbsp;: Cl. Suaveolens&nbsp;:<\/p>\n\n\n\n<p>Voir&nbsp;: <a href=\"http:\/\/mycodb.com\/photos\/Clitocybe_suaveolens_1983_hj_1.jpg\" data-cke-saved-href=\"http:\/\/mycodb.com\/photos\/Clitocybe_suaveolens_1983_hj_1.jpg\">http:\/\/mycodb.com\/photos\/Clitocybe_suaveolens_1983_hj_1.jpg<\/a><\/p>\n\n\n\n<p>Clavulina rugosa&nbsp;; l&rsquo;observation microscopique laisse appara\u00eetre des basides \u00e0 2 st\u00e9rigmates fortement incurv\u00e9es.<\/p>\n\n\n\n<p>Voir&nbsp;:<a href=\"http:\/\/farm7.staticflickr.com\/6040\/6244865313_a02e4be2d2_z.jpg\" data-cke-saved-href=\"http:\/\/farm7.staticflickr.com\/6040\/6244865313_a02e4be2d2_z.jpg\">http:\/\/farm7.staticflickr.com\/6040\/6244865313_a02e4be2d2_z.jpg<\/a><\/p>\n\n\n\n<p>______________________________________________________________________________________<\/p>\n\n\n\n<p><strong>D\u00e9termination du lundi 23\/11\/2015 ;<\/strong><\/p>\n\n\n\n<p>Il n&rsquo; y a plus beaucoup de champignons \u00e0 cette \u00e9poque, toutefois&#8230;<\/p>\n\n\n\n<p>Lepista nuda que l&rsquo;on ne pr\u00e9sente plus.<\/p>\n\n\n\n<p>Tricholoma inocybeoides ; champignon fragile, sans chair dans le chapeau.<br>voir : <a href=\"http:\/\/www.pilzbestimmer.de\/bilder\/2\/small-1872-inocL.jpg\" data-cke-saved-href=\"http:\/\/www.pilzbestimmer.de\/bilder\/2\/small-1872-inocL.jpg\">http:\/\/www.pilzbestimmer.de\/bilder\/2\/small-1872-inocL.jpg<\/a><\/p>\n\n\n\n<p>et encore : <a href=\"http:\/\/forums.champis.net\/download\/file.php?id=9413&amp;sid=111f42620bbc6794273bd982900f8745&amp;mode=view\" data-cke-saved-href=\"http:\/\/forums.champis.net\/download\/file.php?id=9413&amp;sid=111f42620bbc6794273bd982900f8745&amp;mode=view\">http:\/\/forums.champis.net\/download\/file.php?id=9413&amp;sid=111f42620bbc6794273bd982900f8745&amp;mode=view<\/a><\/p>\n\n\n\n<p>Lactarius pyrogalus ; voir :<a href=\"http:\/\/mycodb.com\/photos\/Lactarius_pyrogalus_2014_am_1.jpg\" data-cke-saved-href=\"http:\/\/mycodb.com\/photos\/Lactarius_pyrogalus_2014_am_1.jpg\">http:\/\/mycodb.com\/photos\/Lactarius_pyrogalus_2014_am_1.jpg<\/a><\/p>\n\n\n\n<p>&#8212;&#8212;&#8212;&#8212;&#8212;&#8212;&#8212;&#8212;&#8212;&#8212;&#8212;&#8212;&#8212;&#8212;&#8212;&#8212;&#8212;&#8212;&#8212;&#8212;&#8212;&#8212;&#8212;&#8212;&#8212;&#8212;&#8212;&#8212;&#8212;&#8212;&#8212;&#8212;&#8212;&#8212;&#8212;&#8212;&#8212;&#8212;&#8212;&#8212;&#8211;<\/p>\n\n\n\n<p><strong>D\u00e9termination du lundi 16\/11\/2015 ;<\/strong><\/p>\n\n\n\n<p>Amanita submembranacea ;<br>voir : <a href=\"http:\/\/www.mycobel.be\/photomyco\/amanita_submembranacea_(yd)_1.jpg\" data-cke-saved-href=\"http:\/\/www.mycobel.be\/photomyco\/amanita_submembranacea_(yd)_1.jpg\">http:\/\/www.mycobel.be\/photomyco\/amanita_submembranacea_(yd)_1.jpg<\/a><\/p>\n\n\n\n<p>Clitocybe nebularis ; voir :<a href=\"http:\/\/mycodb.com\/photos\/Clitocybe_nebularis_2012_cf_1.jpg\" data-cke-saved-href=\"http:\/\/mycodb.com\/photos\/Clitocybe_nebularis_2012_cf_1.jpg\">http:\/\/mycodb.com\/photos\/Clitocybe_nebularis_2012_cf_1.jpg<\/a><\/p>\n\n\n\n<p>Helvella lacunosa ; voir :<a href=\"http:\/\/mycodb.com\/photos\/Helvella_lacunosa_2006_rp_1.jpg\" data-cke-saved-href=\"http:\/\/mycodb.com\/photos\/Helvella_lacunosa_2006_rp_1.jpg\">http:\/\/mycodb.com\/photos\/Helvella_lacunosa_2006_rp_1.jpg<\/a><br>et puis aussi : <a href=\"http:\/\/mycodb.com\/photos\/Helvella_lacunosa_2010_gd_1.jpg\" data-cke-saved-href=\"http:\/\/mycodb.com\/photos\/Helvella_lacunosa_2010_gd_1.jpg\">http:\/\/mycodb.com\/photos\/Helvella_lacunosa_2010_gd_1.jpg<\/a><\/p>\n\n\n\n<p>Lactarius britannicus ; voir : <a href=\"http:\/\/mycodb.com\/photos\/Lactarius_britannicus_2014_am_1.jpg\" data-cke-saved-href=\"http:\/\/mycodb.com\/photos\/Lactarius_britannicus_2014_am_1.jpg\">http:\/\/mycodb.com\/photos\/Lactarius_britannicus_2014_am_1.jpg<\/a><\/p>\n\n\n\n<p>Lactarius quietus ; voir : <a href=\"http:\/\/www.mycobel.be\/photomyco\/lactarius_quietus_(yd)_3.jpg\" data-cke-saved-href=\"http:\/\/www.mycobel.be\/photomyco\/lactarius_quietus_(yd)_3.jpg\">http:\/\/www.mycobel.be\/photomyco\/lactarius_quietus_(yd)_3.jpg<\/a><\/p>\n\n\n\n<p><img decoding=\"async\" class=\"cke_anchor\" title=\"Ancre\" src=\"data:image\/gif;base64,R0lGODlhAQABAPABAP\/\/\/wAAACH5BAEKAAAALAAAAAABAAEAAAICRAEAOw==\" alt=\"Ancre\" data-cke-realelement=\"%3Ca%20data-cke-saved-name%3D%22Cheilocystides%22%20name%3D%22Cheilocystides%22%3E%3C%2Fa%3E\" data-cke-real-node-type=\"1\" data-cke-real-element-type=\"anchor\" align=\"\"><a href=\"http:\/\/mycodb.com\/photos\/Melanoleuca_kuehneri_2014_jcc_1.jpg\" data-cke-saved-href=\"http:\/\/mycodb.com\/photos\/Melanoleuca_kuehneri_2014_jcc_1.jpg\">Menanoleuca excissa<\/a><br>on a vu&nbsp; au microscope des pleuro-cystides urtico\u00efdes, sept\u00e9es, souvent avec cristaux apicaux (de la forme d&rsquo;asperge) comme celles pr\u00e9sent\u00e9es ici :<\/p>\n\n\n\n<figure class=\"wp-block-embed\"><div class=\"wp-block-embed__wrapper\">\nhttp:\/\/mycodb.com\/photos\/Melanoleuca_kuehneri_2011_dr_2.jpg\n<\/div><\/figure>\n\n\n\n<p>Panellus stipticus ; voir :<a href=\"http:\/\/www.mycobel.be\/photomyco\/panellus_stipticus_(yd)_1.jpg\" data-cke-saved-href=\"http:\/\/www.mycobel.be\/photomyco\/panellus_stipticus_(yd)_1.jpg\">http:\/\/www.mycobel.be\/photomyco\/panellus_stipticus_(yd)_1.jpg<\/a><\/p>\n\n\n\n<p>Pholiota lenta ; voir : <a href=\"http:\/\/mycodb.com\/photos\/Pholiota_lenta_2007_jd_1.jpg\" data-cke-saved-href=\"http:\/\/mycodb.com\/photos\/Pholiota_lenta_2007_jd_1.jpg\">http:\/\/mycodb.com\/photos\/Pholiota_lenta_2007_jd_1.jpg<\/a><\/p>\n\n\n\n<p><span class='tooltipsall tooltipsincontent classtoolTips9'>Russula<\/span> badia ; celle que D.G. aime \u00e0 nous faire go\u00fbter !!!<br>voir : <a href=\"http:\/\/mycodb.com\/photos\/Russula_badia_2010_jg_1.jpg\" data-cke-saved-href=\"http:\/\/mycodb.com\/photos\/Russula_badia_2010_jg_1.jpg\">http:\/\/mycodb.com\/photos\/<span class='tooltipsall tooltipsincontent classtoolTips9'>Russula<\/span>_badia_2010_jg_1.jpg<\/a><\/p>\n\n\n\n<p>Scleroderma verrucosum ;<br>voir : \u00e2g\u00e9 : <a href=\"http:\/\/mycodb.com\/photos\/Scleroderma_verrucosum_2007_go_1.jpg\" data-cke-saved-href=\"http:\/\/mycodb.com\/photos\/Scleroderma_verrucosum_2007_go_1.jpg\">http:\/\/mycodb.com\/photos\/Scleroderma_verrucosum_2007_go_1.jpg<\/a><br>jeune : <a href=\"http:\/\/mycodb.com\/photos\/Scleroderma_verrucosum_2010_av_1.jpg\" data-cke-saved-href=\"http:\/\/mycodb.com\/photos\/Scleroderma_verrucosum_2010_av_1.jpg\">http:\/\/mycodb.com\/photos\/Scleroderma_verrucosum_2010_av_1.jpg<\/a><\/p>\n\n\n\n<p>Stereum hirsutum ; voir : <a href=\"http:\/\/www.mycobel.be\/photomyco\/stereum_hirsutum_(yd)_3.jpg\" data-cke-saved-href=\"http:\/\/www.mycobel.be\/photomyco\/stereum_hirsutum_(yd)_3.jpg\">http:\/\/www.mycobel.be\/photomyco\/stereum_hirsutum_(yd)_3.jpg<\/a><\/p>\n\n\n\n<p>Xerocomus porosporus ; voir : <a href=\"http:\/\/mycodb.com\/photos\/Xerocomus_porosporus_2000_pl_1.jpg\" data-cke-saved-href=\"http:\/\/mycodb.com\/photos\/Xerocomus_porosporus_2000_pl_1.jpg\">http:\/\/mycodb.com\/photos\/Xerocomus_porosporus_2000_pl_1.jpg<\/a><\/p>\n\n\n\n<p>&#8212;&#8212;&#8212;&#8212;&#8212;&#8212;&#8212;&#8212;&#8212;&#8212;&#8212;&#8212;&#8212;&#8212;&#8212;&#8212;&#8212;&#8212;&#8212;&#8212;&#8212;&#8212;&#8212;&#8212;&#8212;&#8212;&#8212;&#8212;&#8212;&#8212;&#8212;&#8212;&#8212;&#8212;&#8212;&#8212;&#8212;&#8212;&#8212;&#8212;&#8211;<\/p>\n\n\n\n<p>D\u00e9termination au microscope avec Jo\u00ebl P\u00e9nicaud<\/p>\n\n\n\n<p>-Coprinellus micaceus<br>voir : <a href=\"http:\/\/mycodb.com\/photos\/Coprinellus_micaceus_2009_av_1.jpg\" data-cke-saved-href=\"http:\/\/mycodb.com\/photos\/Coprinellus_micaceus_2009_av_1.jpg\">http:\/\/mycodb.com\/photos\/Coprinellus_micaceus_2009_av_1.jpg<\/a><\/p>\n\n\n\n<p>-Inocybe pudica ; voir :<a href=\"http:\/\/mycodb.com\/photos\/Inocybe_pudica_2006_jf_1.jpg\" data-cke-saved-href=\"http:\/\/mycodb.com\/photos\/Inocybe_pudica_2006_jf_1.jpg\">http:\/\/mycodb.com\/photos\/Inocybe_pudica_2006_jf_1.jpg<\/a><\/p>\n\n\n\n<p>-Lepiota cristata ; voir :<a href=\"http:\/\/mycodb.com\/photos\/Lepiota_cristata_2000_dr_1.jpg\" data-cke-saved-href=\"http:\/\/mycodb.com\/photos\/Lepiota_cristata_2000_dr_1.jpg\">http:\/\/mycodb.com\/photos\/Lepiota_cristata_2000_dr_1.jpg<\/a><\/p>\n\n\n\n<p>-Psathyrella murcida ; voir :<a href=\"http:\/\/mycodb.com\/photos\/Psathyrella_murcida_2002_td_2.jpg\" data-cke-saved-href=\"http:\/\/mycodb.com\/photos\/Psathyrella_murcida_2002_td_2.jpg\">http:\/\/mycodb.com\/photos\/Psathyrella_murcida_2002_td_2.jpg<\/a><\/p>\n\n\n\n<p>________________________________________________________________________________<\/p>\n\n\n\n<p>D\u00e9termination des champignons lors de la sortie \u00e0 :<a href=\"https:\/\/docs.google.com\/spreadsheets\/d\/1R6Wjm3aRHBUBOvMPfLt7IYOFs5zIJuEsuaO1NSdswDs\/edit?usp=sharing_eid&amp;ts=5633c6cc\" target=\"_blank\" rel=\"noopener\" data-cke-saved-href=\"https:\/\/docs.google.com\/spreadsheets\/d\/1R6Wjm3aRHBUBOvMPfLt7IYOFs5zIJuEsuaO1NSdswDs\/edit?usp=sharing_eid&amp;ts=5633c6cc\">Lieu dit Chollier Lent 01 25\/10\/2015<\/a><\/p>\n\n\n\n<p>Amanita citrina ;voir : <a href=\"http:\/\/mycodb.com\/photos\/Amanita_citrina_2003_rp_1.jpg\" data-cke-saved-href=\"http:\/\/mycodb.com\/photos\/Amanita_citrina_2003_rp_1.jpg\">http:\/\/mycodb.com\/photos\/Amanita_citrina_2003_rp_1.jpg<\/a><\/p>\n\n\n\n<p>Amanita excelsa ; voir :<a href=\"http:\/\/mycodb.com\/photos\/Amanita_excelsa_2010_td_1.jpg\" data-cke-saved-href=\"http:\/\/mycodb.com\/photos\/Amanita_excelsa_2010_td_1.jpg\">http:\/\/mycodb.com\/photos\/Amanita_excelsa_2010_td_1.jpg<\/a><\/p>\n\n\n\n<p>Amanita mairei ; voir <a href=\"http:\/\/www.mycobel.be\/photomyco\/amanita_mairei_(yd)_2.jpg\" data-cke-saved-href=\"http:\/\/www.mycobel.be\/photomyco\/amanita_mairei_(yd)_2.jpg\">http:\/\/www.mycobel.be\/photomyco\/amanita_mairei_(yd)_2.jpg<\/a><\/p>\n\n\n\n<p>Amanita muscaria et Amanita rubescens : facilement reconnaissables<\/p>\n\n\n\n<p>Amanita spissa ; voir : <a href=\"http:\/\/www.mycobel.be\/photomyco\/amanita_spissa_(yd)_1.jpg\" data-cke-saved-href=\"http:\/\/www.mycobel.be\/photomyco\/amanita_spissa_(yd)_1.jpg\">http:\/\/www.mycobel.be\/photomyco\/amanita_spissa_(yd)_1.jpg<\/a><\/p>\n\n\n\n<p>Armillaria mellea ; voir : <a href=\"http:\/\/www.mycobel.be\/photomyco\/armillaria_mellea_(yd)_2.jpg\" data-cke-saved-href=\"http:\/\/www.mycobel.be\/photomyco\/armillaria_mellea_(yd)_2.jpg\">http:\/\/www.mycobel.be\/photomyco\/armillaria_mellea_(yd)_2.jpg<\/a><\/p>\n\n\n\n<p>Armillaria ostoyae ; voir : <a href=\"http:\/\/mycodb.com\/photos\/Armillaria_ostoyae_2014_mr_1.jpg\" data-cke-saved-href=\"http:\/\/mycodb.com\/photos\/Armillaria_ostoyae_2014_mr_1.jpg\">http:\/\/mycodb.com\/photos\/Armillaria_ostoyae_2014_mr_1.jpg<\/a><\/p>\n\n\n\n<p>Boletus edulis et aestivalis ; faciles !<\/p>\n\n\n\n<p>Boletus erythropus var, discolor ; (La ssp. discolor&nbsp; a un <a>chapeau<\/a> jaune orange. )<br>voir : <a href=\"http:\/\/www.mycobel.be\/photomyco\/boletus_erythropus_(yd)_1.jpg\" data-cke-saved-href=\"http:\/\/www.mycobel.be\/photomyco\/boletus_erythropus_(yd)_1.jpg\">http:\/\/www.mycobel.be\/photomyco\/boletus_erythropus_(yd)_1.jpg<\/a><\/p>\n\n\n\n<p>Chlorociboria aeruginascens : facile, mais la photo est si belle&#8230;<br>voir : <a href=\"http:\/\/www.mycobel.be\/photomyco\/chlorociboria_aeruginascens_(yd)_1.jpg\" data-cke-saved-href=\"http:\/\/www.mycobel.be\/photomyco\/chlorociboria_aeruginascens_(yd)_1.jpg\">http:\/\/www.mycobel.be\/photomyco\/chlorociboria_aeruginascens_(yd)_1.jpg<\/a><\/p>\n\n\n\n<p>Clathrus archeri <u>en oeuf<\/u> ; la couleur rouge est tr\u00e8s pr\u00e9sente<br>voir : <a href=\"http:\/\/mycodb.com\/photos\/Clathrus_archeri_2013_dg_1.jpg\" data-cke-saved-href=\"http:\/\/mycodb.com\/photos\/Clathrus_archeri_2013_dg_1.jpg\">http:\/\/mycodb.com\/photos\/Clathrus_archeri_2013_dg_1.jpg<\/a><\/p>\n\n\n\n<p>Clitocybe nebularis ; voir : <a href=\"http:\/\/www.mycobel.be\/photomyco\/clitocybe_nebularis_(yd)_1.jpg\" data-cke-saved-href=\"http:\/\/www.mycobel.be\/photomyco\/clitocybe_nebularis_(yd)_1.jpg\">http:\/\/www.mycobel.be\/photomyco\/clitocybe_nebularis_(yd)_1.jpg<\/a><\/p>\n\n\n\n<p>Clitocyge odora ; voir :<a href=\"http:\/\/mycodb.com\/photos\/Clitocybe_odora_2010_jg_1.jpg\" data-cke-saved-href=\"http:\/\/mycodb.com\/photos\/Clitocybe_odora_2010_jg_1.jpg\"> http:\/\/mycodb.com\/photos\/Clitocybe_odora_2010_jg_1.jpg<\/a><\/p>\n\n\n\n<p><a href=\"http:\/\/mycodb.com\/photos\/Rhodocollybia_maculata_2010_jf_1.jpg\" data-cke-saved-href=\"http:\/\/mycodb.com\/photos\/Rhodocollybia_maculata_2010_jf_1.jpg\">Collybia maculata<\/a><\/p>\n\n\n\n<p>Coprinus atramentarius ; voir :<a href=\"http:\/\/mycodb.com\/photos\/Coprinopsis_atramentaria_2006_jg_1.jpg\" data-cke-saved-href=\"http:\/\/mycodb.com\/photos\/Coprinopsis_atramentaria_2006_jg_1.jpg\">http:\/\/mycodb.com\/photos\/Coprinopsis_atramentaria_2006_jg_1.jpg<\/a><\/p>\n\n\n\n<p>Coprinus micaceus ; et pour une fois, un peu de microscopie :voir : <a href=\"http:\/\/mycodb.com\/photos\/Coprinellus_micaceus_2014_ck_1.jpg\" data-cke-saved-href=\"http:\/\/mycodb.com\/photos\/Coprinellus_micaceus_2014_ck_1.jpg\">http:\/\/mycodb.com\/photos\/Coprinellus_micaceus_2014_ck_1.jpg<\/a><\/p>\n\n\n\n<p>Cortinarius violaceus ; voir :<a href=\"http:\/\/www.mycobel.be\/photomyco\/cortinarius_violaceus_(yd)_1.jpg\" data-cke-saved-href=\"http:\/\/www.mycobel.be\/photomyco\/cortinarius_violaceus_(yd)_1.jpg\">http:\/\/www.mycobel.be\/photomyco\/cortinarius_violaceus_(yd)_1.jpg<\/a><\/p>\n\n\n\n<p><span class='tooltipsall tooltipsincontent classtoolTips0'>daedaleopsis confragosa<\/span> ;<br>voir : <a href=\"http:\/\/www.mycobel.be\/photomyco\/daedaleopsis_confragosa_(yd)_1.jpg\" data-cke-saved-href=\"http:\/\/www.mycobel.be\/photomyco\/daedaleopsis_confragosa_(yd)_1.jpg\">http:\/\/www.mycobel.be\/photomyco\/daedaleopsis_confragosa_(yd)_1.jpg<\/a><\/p>\n\n\n\n<p>Fomitopsis pinicola ; voir : <a href=\"http:\/\/mycodb.com\/photos\/Fomitopsis_pinicola_2007_jf_1.jpg\" data-cke-saved-href=\"http:\/\/mycodb.com\/photos\/Fomitopsis_pinicola_2007_jf_1.jpg\">http:\/\/mycodb.com\/photos\/Fomitopsis_pinicola_2007_jf_1.jpg<\/a><\/p>\n\n\n\n<p>Gymnopilus spectabilis ; voir : <a href=\"http:\/\/www.mycobel.be\/photomyco\/gymnopilus_spectabilis_(yd)_1.jpg\" data-cke-saved-href=\"http:\/\/www.mycobel.be\/photomyco\/gymnopilus_spectabilis_(yd)_1.jpg\">http:\/\/www.mycobel.be\/photomyco\/gymnopilus_spectabilis_(yd)_1.jpg<\/a><\/p>\n\n\n\n<p>Hebeloma sacchariolens : voir :<a href=\"http:\/\/mycodb.com\/photos\/Hebeloma_sacchariolens_2007_jf_1.jpg\" data-cke-saved-href=\"http:\/\/mycodb.com\/photos\/Hebeloma_sacchariolens_2007_jf_1.jpg\">http:\/\/mycodb.com\/photos\/Hebeloma_sacchariolens_2007_jf_1.jpg<\/a><\/p>\n\n\n\n<p>Hebeloma sinapizans ; voir : <a href=\"http:\/\/mycodb.com\/photos\/Hebeloma_sinapizans_2007_jf_1.jpg\" data-cke-saved-href=\"http:\/\/mycodb.com\/photos\/Hebeloma_sinapizans_2007_jf_1.jpg\">http:\/\/mycodb.com\/photos\/Hebeloma_sinapizans_2007_jf_1.jpg<\/a><\/p>\n\n\n\n<p>Hygrophoropsis aurantiaca 2 especes ; celui que l&rsquo;on a vu tant et plus lors du WE \u00e0 Bellenaves<br>voir : <a href=\"http:\/\/www.mycobel.be\/photomyco\/hygrophoropsis_aurantiaca_(yd)_1.jpg\" data-cke-saved-href=\"http:\/\/www.mycobel.be\/photomyco\/hygrophoropsis_aurantiaca_(yd)_1.jpg\">http:\/\/www.mycobel.be\/photomyco\/hygrophoropsis_aurantiaca_(yd)_1.jpg<\/a><\/p>\n\n\n\n<p>Hypholoma fasciculare<\/p>\n\n\n\n<p>Hypholoma sublateritium ; voir :<a href=\"http:\/\/mycodb.com\/photos\/Hypholoma_lateritium_2015_td_1.jpg\" data-cke-saved-href=\"http:\/\/mycodb.com\/photos\/Hypholoma_lateritium_2015_td_1.jpg\">http:\/\/mycodb.com\/photos\/Hypholoma_lateritium_2015_td_1.jpg<\/a><\/p>\n\n\n\n<p>Laccaria amethystina ; Laccaria laccata ; Laccaria laccata var. moelleri<\/p>\n\n\n\n<p>Lactarius quietus ; le lait d&rsquo;abord blanc devient jaune en s\u00e9chant,<br>voir : <a href=\"http:\/\/mycodb.com\/photos\/Lactarius_quietus_2015_td_1.jpg\" data-cke-saved-href=\"http:\/\/mycodb.com\/photos\/Lactarius_quietus_2015_td_1.jpg\">http:\/\/mycodb.com\/photos\/Lactarius_quietus_2015_td_1.jpg<\/a><\/p>\n\n\n\n<p>Laetiporus sulphureus ; plusieurs aspects suivant l&rsquo;\u00e2ge ;<br>voir : <a href=\"http:\/\/mycodb.com\/photos\/Laetiporus_sulphureus_2010_gb_1.jpg\" data-cke-saved-href=\"http:\/\/mycodb.com\/photos\/Laetiporus_sulphureus_2010_gb_1.jpg\">http:\/\/mycodb.com\/photos\/Laetiporus_sulphureus_2010_gb_1.jpg<\/a><\/p>\n\n\n\n<p>et <a href=\"http:\/\/mycodb.com\/photos\/Laetiporus_sulphureus_2011_em_1.jpg\" data-cke-saved-href=\"http:\/\/mycodb.com\/photos\/Laetiporus_sulphureus_2011_em_1.jpg\">http:\/\/mycodb.com\/photos\/Laetiporus_sulphureus_2011_em_1.jpg<\/a><\/p>\n\n\n\n<p>Leccinum aurantiacum ; voir : <a href=\"http:\/\/mycodb.com\/photos\/Leccinum_aurantiacum_2006_av_1.jpg\" data-cke-saved-href=\"http:\/\/mycodb.com\/photos\/Leccinum_aurantiacum_2006_av_1.jpg\">http:\/\/mycodb.com\/photos\/Leccinum_aurantiacum_2006_av_1.jpg<\/a><\/p>\n\n\n\n<p>Leccinum aurantiacum var. albostipitatum<\/p>\n\n\n\n<p>Leccinum crocipodium; voir : <a href=\"http:\/\/mycodb.com\/photos\/Leccinum_crocipodium_2011_jg_1.jpg\" data-cke-saved-href=\"http:\/\/mycodb.com\/photos\/Leccinum_crocipodium_2011_jg_1.jpg\">http:\/\/mycodb.com\/photos\/Leccinum_crocipodium_2011_jg_1.jpg<\/a><\/p>\n\n\n\n<p>Leccinum quercinum; voir : <a href=\"http:\/\/www.mycobel.be\/photomyco\/leccinum_quercinum_(yd)_1623.jpg\" data-cke-saved-href=\"http:\/\/www.mycobel.be\/photomyco\/leccinum_quercinum_(yd)_1623.jpg\">http:\/\/www.mycobel.be\/photomyco\/leccinum_quercinum_(yd)_1623.jpg<\/a><\/p>\n\n\n\n<p>Lepista nuda ; voir : <a href=\"http:\/\/mycodb.com\/photos\/Lepista_nuda_2006_jg_1.jpg\" data-cke-saved-href=\"http:\/\/mycodb.com\/photos\/Lepista_nuda_2006_jg_1.jpg\">http:\/\/mycodb.com\/photos\/Lepista_nuda_2006_jg_1.jpg<\/a><\/p>\n\n\n\n<p>Macrolepiota excoriata ; voir : <a href=\"http:\/\/mycodb.com\/photos\/Macrolepiota_excoriata_2011_dr_1.jpg\" data-cke-saved-href=\"http:\/\/mycodb.com\/photos\/Macrolepiota_excoriata_2011_dr_1.jpg\">http:\/\/mycodb.com\/photos\/Macrolepiota_excoriata_2011_dr_1.jpg<\/a><\/p>\n\n\n\n<p>Macrolepiota procera ;<br>voir un moment de tendresse : <a href=\"http:\/\/www.mycobel.be\/photomyco\/macrolepiota_procera_(yd)_3.jpg\" data-cke-saved-href=\"http:\/\/www.mycobel.be\/photomyco\/macrolepiota_procera_(yd)_3.jpg\">http:\/\/www.mycobel.be\/photomyco\/macrolepiota_procera_(yd)_3.jpg<\/a><\/p>\n\n\n\n<p>Megacollybia platyphylla ; voir : <a href=\"http:\/\/mycodb.com\/photos\/Megacollybia_platyphylla_2006_rc_1.jpg\" data-cke-saved-href=\"http:\/\/mycodb.com\/photos\/Megacollybia_platyphylla_2006_rc_1.jpg\">http:\/\/mycodb.com\/photos\/Megacollybia_platyphylla_2006_rc_1.jpg<\/a><\/p>\n\n\n\n<p>Mycena pelianthina ; voir : <a href=\"http:\/\/mycodb.com\/photos\/Mycena_pelianthina_1973_td_1.jpg\" data-cke-saved-href=\"http:\/\/mycodb.com\/photos\/Mycena_pelianthina_1973_td_1.jpg\">http:\/\/mycodb.com\/photos\/Mycena_pelianthina_1973_td_1.jpg<\/a><\/p>\n\n\n\n<p>Mycena polygramma ; voir :<a href=\"http:\/\/www.mycobel.be\/photomyco\/mycena_polygramma_(yd)_1.jpg\" data-cke-saved-href=\"http:\/\/www.mycobel.be\/photomyco\/mycena_polygramma_(yd)_1.jpg\">http:\/\/www.mycobel.be\/photomyco\/mycena_polygramma_(yd)_1.jpg<\/a><\/p>\n\n\n\n<p>Mycena pura ; voir : <a href=\"http:\/\/mycodb.com\/photos\/Mycena_pura_2007_jd_1.jpg\" data-cke-saved-href=\"http:\/\/mycodb.com\/photos\/Mycena_pura_2007_jd_1.jpg\">http:\/\/mycodb.com\/photos\/Mycena_pura_2007_jd_1.jpg<\/a><\/p>\n\n\n\n<p>Mycena rosea; voir : <a href=\"http:\/\/mycodb.com\/photos\/Mycena_rosea_2006_jg_1.jpg\" data-cke-saved-href=\"http:\/\/mycodb.com\/photos\/Mycena_rosea_2006_jg_1.jpg\">http:\/\/mycodb.com\/photos\/Mycena_rosea_2006_jg_1.jpg<\/a><\/p>\n\n\n\n<p>Oudemansiella mucida ; voir : <a href=\"http:\/\/www.mycobel.be\/photomyco\/oudemansiella_mucida_(yd)_2.jpg\" data-cke-saved-href=\"http:\/\/www.mycobel.be\/photomyco\/oudemansiella_mucida_(yd)_2.jpg\">http:\/\/www.mycobel.be\/photomyco\/oudemansiella_mucida_(yd)_2.jpg<\/a><\/p>\n\n\n\n<p>Oudemasiella radicata ; voir : <a href=\"http:\/\/mycodb.com\/photos\/Xerula_radicata_2009_am_2.jpg\" data-cke-saved-href=\"http:\/\/mycodb.com\/photos\/Xerula_radicata_2009_am_2.jpg\">http:\/\/mycodb.com\/photos\/Xerula_radicata_2009_am_2.jpg<\/a><\/p>\n\n\n\n<p>Paxillus involutus<\/p>\n\n\n\n<p>Peziza vesiculosa ; voir :<a href=\"http:\/\/mycodb.com\/photos\/Peziza_vesiculosa_1987_dr_1.jpg\" data-cke-saved-href=\"http:\/\/mycodb.com\/photos\/Peziza_vesiculosa_1987_dr_1.jpg\">http:\/\/mycodb.com\/photos\/Peziza_vesiculosa_1987_dr_1.jpg<\/a><\/p>\n\n\n\n<p>Phaeolus schzeinitzii ; voir : <a href=\"http:\/\/mycodb.com\/photos\/Phaeolus_schweinitzii_2011_al_2.jpg\" data-cke-saved-href=\"http:\/\/mycodb.com\/photos\/Phaeolus_schweinitzii_2011_al_2.jpg\">http:\/\/mycodb.com\/photos\/Phaeolus_schweinitzii_2011_al_2.jpg<\/a><\/p>\n\n\n\n<p>Phlebia tremellosa ; voir : <a href=\"http:\/\/mycodb.com\/photos\/Merulius_tremellosus_2006_jg_1.jpg\" data-cke-saved-href=\"http:\/\/mycodb.com\/photos\/Merulius_tremellosus_2006_jg_1.jpg\">http:\/\/mycodb.com\/photos\/Merulius_tremellosus_2006_jg_1.jpg<\/a><\/p>\n\n\n\n<p>Piptoporus betulinus&nbsp;; pensez \u00ab<i>bouleau&nbsp;\u00bb !<\/i><\/p>\n\n\n\n<p>Pleurotus dryinus ; voir : <a href=\"http:\/\/www.mycobel.be\/photomyco\/pleurotus_dryinus_(yd)_6560.jpg\" data-cke-saved-href=\"http:\/\/www.mycobel.be\/photomyco\/pleurotus_dryinus_(yd)_6560.jpg\">http:\/\/www.mycobel.be\/photomyco\/pleurotus_dryinus_(yd)_6560.jpg<\/a><\/p>\n\n\n\n<p>Pluteus (cervinus ou salicilus) ; voir : <a href=\"http:\/\/mycodb.com\/photos\/Pluteus_cervinus_1983_dr_1.jpg\" data-cke-saved-href=\"http:\/\/mycodb.com\/photos\/Pluteus_cervinus_1983_dr_1.jpg\">http:\/\/mycodb.com\/photos\/Pluteus_cervinus_1983_dr_1.jpg<\/a><\/p>\n\n\n\n<p>Psathyrella piluliformis ; voir : <a href=\"http:\/\/mycodb.com\/photos\/Psathyrella_piluliformis_2014_am_1.jpg\" data-cke-saved-href=\"http:\/\/mycodb.com\/photos\/Psathyrella_piluliformis_2014_am_1.jpg\">http:\/\/mycodb.com\/photos\/Psathyrella_piluliformis_2014_am_1.jpg<\/a><\/p>\n\n\n\n<p>Psilocybe semilanceata ; voir : <a href=\"http:\/\/www.mycobel.be\/photomyco\/psilocybe_semilanceata_(yd)_1.jpg\" data-cke-saved-href=\"http:\/\/www.mycobel.be\/photomyco\/psilocybe_semilanceata_(yd)_1.jpg\">http:\/\/www.mycobel.be\/photomyco\/psilocybe_semilanceata_(yd)_1.jpg<\/a><\/p>\n\n\n\n<p><span class='tooltipsall tooltipsincontent classtoolTips9'>Russula<\/span> chloroides ; voir : <a href=\"http:\/\/mycodb.com\/photos\/Russula_chloroides_2005_rp_1.jpg\" data-cke-saved-href=\"http:\/\/mycodb.com\/photos\/Russula_chloroides_2005_rp_1.jpg\">http:\/\/mycodb.com\/photos\/<span class='tooltipsall tooltipsincontent classtoolTips9'>Russula<\/span>_chloroides_2005_rp_1.jpg<\/a><\/p>\n\n\n\n<p><span class='tooltipsall tooltipsincontent classtoolTips9'>Russula<\/span> cyanoxantha<\/p>\n\n\n\n<p><span class='tooltipsall tooltipsincontent classtoolTips9'>Russula<\/span> densifolia ; voir : <a href=\"http:\/\/mycodb.com\/photos\/Russula_densifolia_2010_td_1.jpg\" data-cke-saved-href=\"http:\/\/mycodb.com\/photos\/Russula_densifolia_2010_td_1.jpg\">http:\/\/mycodb.com\/photos\/<span class='tooltipsall tooltipsincontent classtoolTips9'>Russula<\/span>_densifolia_2010_td_1.jpg<\/a><\/p>\n\n\n\n<p>Sparassis crispa&nbsp;; le tant cherch\u00e9&nbsp;!<\/p>\n\n\n\n<p>Stropharia caerulea ; voir : <a href=\"http:\/\/www.mycobel.be\/photomyco\/stropharia_caerulea_(yd)_1.jpg\" data-cke-saved-href=\"http:\/\/www.mycobel.be\/photomyco\/stropharia_caerulea_(yd)_1.jpg\">http:\/\/www.mycobel.be\/photomyco\/stropharia_caerulea_(yd)_1.jpg<\/a><\/p>\n\n\n\n<p>Tremella mesenterica<\/p>\n\n\n\n<p>Tricholoma viridilutescens ; voir : <a href=\"http:\/\/mycodb.com\/photos\/Tricholoma_viridilutescens_2006_rp_1.jpg\" data-cke-saved-href=\"http:\/\/mycodb.com\/photos\/Tricholoma_viridilutescens_2006_rp_1.jpg\">http:\/\/mycodb.com\/photos\/Tricholoma_viridilutescens_2006_rp_1.jpg<\/a><\/p>\n\n\n\n<p>Tricholomopsis rutilans ;&nbsp;Xerocomus badius ; Xerocomus chrysenteron<\/p>\n\n\n\n<p>______________________________________________________________________<\/p>\n\n\n\n<p>L&rsquo;atelier a repris ses activit\u00e9s le 28\/09\/2015, Jeanne a d\u00e9clench\u00e9 le plan <span class='tooltipsall tooltipsincontent classtoolTips9'>russules<\/span>\u2026<\/p>\n\n\n\n<p><u>D\u00e9termination du lundi 28\/09\/2015<\/u><\/p>\n\n\n\n<p>d\u00e9termination macroscopique avec Dani\u00e8le Ferry et Daniel Gendre<\/p>\n\n\n\n<p>-<span class='tooltipsall tooltipsincontent classtoolTips9'>Russula<\/span> adusta ; voir :<a href=\"http:\/\/mycodb.com\/photos\/Russula_adusta_2010_jg_1.jpg\" data-cke-saved-href=\"http:\/\/mycodb.com\/photos\/Russula_adusta_2010_jg_1.jpg\">http:\/\/mycodb.com\/photos\/<span class='tooltipsall tooltipsincontent classtoolTips9'>Russula<\/span>_adusta_2010_jg_1.jpg<\/a><\/p>\n\n\n\n<p>-<span class='tooltipsall tooltipsincontent classtoolTips9'>Russula<\/span> fageticola<br>voir :<a href=\"http:\/\/www.mycobel.be\/photomyco\/russula_fageticola_%28yd%29_1.jpg\" data-cke-saved-href=\"http:\/\/www.mycobel.be\/photomyco\/russula_fageticola_%28yd%29_1.jpg\">http:\/\/www.mycobel.be\/photomyco\/<span class='tooltipsall tooltipsincontent classtoolTips9'>Russula<\/span>_fageticola_(yd)_1.jpg<\/a><\/p>\n\n\n\n<p>-<span class='tooltipsall tooltipsincontent classtoolTips9'>Russula<\/span> badia ; voir :<a href=\"http:\/\/mycodb.com\/photos\/Russula_badia_2010_td_2.jpg\" data-cke-saved-href=\"http:\/\/mycodb.com\/photos\/Russula_badia_2010_td_2.jpg\">http:\/\/mycodb.com\/photos\/<span class='tooltipsall tooltipsincontent classtoolTips9'>Russula<\/span>_badia_2010_td_2.jpg<\/a><\/p>\n\n\n\n<p>-<span class='tooltipsall tooltipsincontent classtoolTips9'>Russula<\/span> mustelina<br>voir :<a href=\"http:\/\/www.mycobel.be\/photomyco\/russula_mustelina_%28yd%29_4.jpg\" data-cke-saved-href=\"http:\/\/www.mycobel.be\/photomyco\/russula_mustelina_%28yd%29_4.jpg\">http:\/\/www.mycobel.be\/photomyco\/<span class='tooltipsall tooltipsincontent classtoolTips9'>Russula<\/span>_mustelina_(yd)_4.jpg<\/a><\/p>\n\n\n\n<p>-<span class='tooltipsall tooltipsincontent classtoolTips9'>Russula<\/span> cavipes ; voir :<a href=\"http:\/\/www.mycobel.be\/photomyco\/russula_cavipes_%28yd%29_1704.jpg\" data-cke-saved-href=\"http:\/\/www.mycobel.be\/photomyco\/russula_cavipes_%28yd%29_1704.jpg\">http:\/\/www.mycobel.be\/photomyco\/<span class='tooltipsall tooltipsincontent classtoolTips9'>Russula<\/span>_cavipes_(yd)_1704.jpg<\/a><\/p>\n\n\n\n<p>-<span class='tooltipsall tooltipsincontent classtoolTips9'>Russula<\/span> chloro\u00efdes ; voir :<a href=\"http:\/\/mycodb.com\/photos\/Russula_chloroides_2014_am_1.jpg\" data-cke-saved-href=\"http:\/\/mycodb.com\/photos\/Russula_chloroides_2014_am_1.jpg\">http:\/\/mycodb.com\/photos\/<span class='tooltipsall tooltipsincontent classtoolTips9'>Russula<\/span>_chloroides_2014_am_1.jpg<\/a><\/p>\n\n\n\n<p>-Lactarius helvus ; voir :<a href=\"http:\/\/www.mycobel.be\/photomyco\/lactarius_helvus_%28yd%29_3.jpg\" data-cke-saved-href=\"http:\/\/www.mycobel.be\/photomyco\/lactarius_helvus_%28yd%29_3.jpg\">http:\/\/www.mycobel.be\/photomyco\/lactarius_helvus_(yd)_3.jpg<\/a><\/p>\n\n\n\n<p>-Lactarius tabidus ; voir :<a href=\"http:\/\/www.mycobel.be\/photomyco\/lactarius_tabidus_%28yd%29_3.jpg\" data-cke-saved-href=\"http:\/\/www.mycobel.be\/photomyco\/lactarius_tabidus_%28yd%29_3.jpg\">http:\/\/www.mycobel.be\/photomyco\/lactarius_tabidus_(yd)_3.jpg<\/a><\/p>\n\n\n\n<p>-Tricholoma sciodes<br>voir : <a href=\"http:\/\/www.mycobel.be\/photomyco\/tricholoma_sciodes_%28yd%29_1.jpg\" data-cke-saved-href=\"http:\/\/www.mycobel.be\/photomyco\/tricholoma_sciodes_%28yd%29_1.jpg\">http:\/\/www.mycobel.be\/photomyco\/tricholoma_sciodes_(yd)_1.jpg<\/a><\/p>\n\n\n\n<p>-Lyophyllum loricatum<br>voir :<a href=\"http:\/\/mycodb.com\/photos\/Lyophyllum_loricatum_2007_jf_1.jpg\" data-cke-saved-href=\"http:\/\/mycodb.com\/photos\/Lyophyllum_loricatum_2007_jf_1.jpg\">http:\/\/mycodb.com\/photos\/Lyophyllum_loricatum_2007_jf_1.jpg<\/a><\/p>\n\n\n\n<p>-Rhodocollybia butyracea<br>voir : <a href=\"http:\/\/mycodb.com\/photos\/Rhodocollybia_butyracea_2006_dr_1.jpg\" data-cke-saved-href=\"http:\/\/mycodb.com\/photos\/Rhodocollybia_butyracea_2006_dr_1.jpg\">http:\/\/mycodb.com\/photos\/Rhodocollybia_butyracea_2006_dr_1.jpg<\/a><\/p>\n\n\n\n<p>-Mycena galericulata<br>voir :<a href=\"http:\/\/www.mycobel.be\/photomyco\/mycena_galericulata_%28yd%29_1.jpg\" data-cke-saved-href=\"http:\/\/www.mycobel.be\/photomyco\/mycena_galericulata_%28yd%29_1.jpg\">http:\/\/www.mycobel.be\/photomyco\/mycena_galericulata_(yd)_1.jpg<\/a><\/p>\n\n\n\n<p>-Mycena inclinata ; voir :<a href=\"http:\/\/www.mycobel.be\/photomyco\/mycena_inclinata_%28yd%29_1.jpg\" data-cke-saved-href=\"http:\/\/www.mycobel.be\/photomyco\/mycena_inclinata_%28yd%29_1.jpg\">http:\/\/www.mycobel.be\/photomyco\/mycena_inclinata_(yd)_1.jpg<\/a><\/p>\n\n\n\n<p>-Mycena zephyrus ; voir : <a href=\"http:\/\/mycodb.com\/photos\/Mycena_zephirus_2007_jf_1.jpg\" data-cke-saved-href=\"http:\/\/mycodb.com\/photos\/Mycena_zephirus_2007_jf_1.jpg\">http:\/\/mycodb.com\/photos\/Mycena_zephirus_2007_jf_1.jpg<\/a><\/p>\n\n\n\n<p>-Lepista inversa ; voir :<a href=\"http:\/\/www.mycobel.be\/photomyco\/lepista_inversa_%28yd%29_1.jpg\" data-cke-saved-href=\"http:\/\/www.mycobel.be\/photomyco\/lepista_inversa_%28yd%29_1.jpg\">http:\/\/www.mycobel.be\/photomyco\/lepista_inversa_(yd)_1.jpg<\/a><\/p>\n\n\n\n<p>-Clitocybe odora ; voir :<a href=\"http:\/\/mycodb.com\/photos\/Clitocybe_odora_2010_jg_1.jpg\" data-cke-saved-href=\"http:\/\/mycodb.com\/photos\/Clitocybe_odora_2010_jg_1.jpg\">http:\/\/mycodb.com\/photos\/Clitocybe_odora_2010_jg_1.jpg<\/a><\/p>\n\n\n\n<p>-Clitocybe suaveolens(=deceptiva)<br>voir :<a href=\"http:\/\/mycodb.com\/photos\/Clitocybe_suaveolens_2003.jpg\" data-cke-saved-href=\"http:\/\/mycodb.com\/photos\/Clitocybe_suaveolens_2003.jpg\">http:\/\/mycodb.com\/photos\/Clitocybe_suaveolens_2003.jpg<\/a><\/p>\n\n\n\n<p>-Xerocomus chrysenteron on ne le pr\u00e9sente plus ! Quoique !<\/p>\n\n\n\n<p>-Hebeloma crustuliniforme<br>voir :<a href=\"http:\/\/mycodb.com\/photos\/Hebeloma_crustuliniforme_2007_jf_1.jpg\" data-cke-saved-href=\"http:\/\/mycodb.com\/photos\/Hebeloma_crustuliniforme_2007_jf_1.jpg\">http:\/\/mycodb.com\/photos\/Hebeloma_crustuliniforme_2007_jf_1.jpg<\/a><\/p>\n\n\n\n<p>-Pholiota squarrosa<br>voir :<a href=\"http:\/\/www.mycobel.be\/photomyco\/pholiota_squarrosa_%28yd%29_4.jpg\" data-cke-saved-href=\"http:\/\/www.mycobel.be\/photomyco\/pholiota_squarrosa_%28yd%29_4.jpg\">http:\/\/www.mycobel.be\/photomyco\/pholiota_squarrosa_(yd)_4.jpg<\/a><\/p>\n\n\n\n<p>-Gymnopilus penetrans<br>voir :<a href=\"http:\/\/www.mycobel.be\/photomyco\/gymnopilus_penetrans_%28yd%29_2.jpg\" data-cke-saved-href=\"http:\/\/www.mycobel.be\/photomyco\/gymnopilus_penetrans_%28yd%29_2.jpg\">http:\/\/www.mycobel.be\/photomyco\/gymnopilus_penetrans_(yd)_2.jpg<\/a><\/p>\n\n\n\n<p>-Hypholoma fasciculare ; bien connu !<\/p>\n\n\n\n<p>-Hypholoma capno\u00efdes ; idem !<\/p>\n\n\n\n<p>-Hygrophoropsis aurantiaca var. pallida ; on l&rsquo;a vu, revu lors de la sortie \u00e0 Bellenaves<br><a href=\"http:\/\/www.mycobel.be\/photomyco\/hygrophoropsis_aurantiaca_%28yd%29_1640.jpg\" data-cke-saved-href=\"http:\/\/www.mycobel.be\/photomyco\/hygrophoropsis_aurantiaca_%28yd%29_1640.jpg\">http:\/\/www.mycobel.be\/photomyco\/hygrophoropsis_aurantiaca_(yd)_1640.jpg<\/a><\/p>\n\n\n\n<p>D\u00e9termination au microscope avec Jo\u00ebl P\u00e9nicaud<\/p>\n\n\n\n<p>-Coprinellus micaceus<br>voir : <a href=\"http:\/\/mycodb.com\/photos\/Coprinellus_micaceus_2009_av_1.jpg\" data-cke-saved-href=\"http:\/\/mycodb.com\/photos\/Coprinellus_micaceus_2009_av_1.jpg\">http:\/\/mycodb.com\/photos\/Coprinellus_micaceus_2009_av_1.jpg<\/a><\/p>\n\n\n\n<p>-Inocybe pudica ; voir :<a href=\"http:\/\/mycodb.com\/photos\/Inocybe_pudica_2006_jf_1.jpg\" data-cke-saved-href=\"http:\/\/mycodb.com\/photos\/Inocybe_pudica_2006_jf_1.jpg\">http:\/\/mycodb.com\/photos\/Inocybe_pudica_2006_jf_1.jpg<\/a><\/p>\n\n\n\n<p>-Lepiota cristata ; voir :<a href=\"http:\/\/mycodb.com\/photos\/Lepiota_cristata_2000_dr_1.jpg\" data-cke-saved-href=\"http:\/\/mycodb.com\/photos\/Lepiota_cristata_2000_dr_1.jpg\">http:\/\/mycodb.com\/photos\/Lepiota_cristata_2000_dr_1.jpg<\/a><\/p>\n\n\n\n<p>-Psathyrella murcida ; voir :<a href=\"http:\/\/mycodb.com\/photos\/Psathyrella_murcida_2002_td_2.jpg\" data-cke-saved-href=\"http:\/\/mycodb.com\/photos\/Psathyrella_murcida_2002_td_2.jpg\">http:\/\/mycodb.com\/photos\/Psathyrella_murcida_2002_td_2.jpg<\/a><\/p>\n\n\n\n<p>_________________________________________________________________________<\/p>\n\n\n\n<p><u>Les commentaires de la d\u00e9termination du lundi 15 d\u00e9cembre 2014<\/u><\/p>\n\n\n\n<p>Laccaria &nbsp;(amethystina) oui<\/p>\n\n\n\n<p>Lepiota &nbsp;rhacodes&nbsp; &nbsp;&nbsp;&nbsp; &nbsp; &nbsp; oui<\/p>\n\n\n\n<p>Amanita rubescens &nbsp; &nbsp; &nbsp; &nbsp; oui<\/p>\n\n\n\n<p>Lactarius aurantiacus &nbsp;( orang\u00e9, zon\u00e9, lait blanc immuable ) n&rsquo;est pas aurantiacus mais&nbsp; Lact. acerrimus ( les scrobicules&nbsp;d\u00e9crites dans le Bon ne sont pas un signe tr\u00e8s fiable .<\/p>\n\n\n\n<p>Hebeloma&nbsp; sinapizans , non&nbsp;&nbsp;pas du tout, c&rsquo;\u00e9tait bien en d\u00e9finitive un cortinaire m\u00eame si la cortine ou la spor\u00e9e n&rsquo;\u00e9tait pas trop visible et c&rsquo;est&nbsp;Cortinarius elatior&nbsp;&nbsp;( d\u00e9j\u00e0 vu le 22\/11 et oui !) en fait c&rsquo;est un des cortinaires&nbsp;faciles&nbsp;\u00e0 reconna\u00eetre (en plus !), par son chapeau frip\u00e9 &nbsp;m\u00eame quand il est tr\u00e8s jeune, &nbsp;tr\u00e8s typique.<\/p>\n\n\n\n<p>Le groupe de Tricholomes nombreux, non pas portentosum, car trop petits mais saponaceum et en fait ils sentaient bien le savon.<\/p>\n\n\n\n<p>Lactarius picinus , non mais Lact. plombeus par sa couleur et son zonage. picinus est beaucoup plus noir.<\/p>\n\n\n\n<p>groupe de petits Clitocybes&nbsp;&nbsp;blancs : &nbsp; Clit. candidans<\/p>\n\n\n\n<p>groupe de 3 Clitocybes orang\u00e9s &nbsp;: Clit. invers\u00e9 ( Lepista inversa ) avec un nouveau nom donn\u00e9 par Jean Marie, Lepista flaccida<\/p>\n\n\n\n<p>Daniel doit d\u00e9terminer un Cortinaire ( celui avec un grand chapeau plat &nbsp;reflets&nbsp;rouge\u00e2tres :<\/p>\n\n\n\n<p>DG dit : bien qu&rsquo;il manque le pied certainement Cortinarius cinnabarinus ou C. phoeniceus<\/p>\n\n\n\n<p>Pour les trois champignons avec un mamelon de la couleur de la spor\u00e9e ( caf\u00e9 au lait ) le genre certainement Hypholoma, l&rsquo;esp\u00e8ce a priori : subericaeum<\/p>\n\n\n\n<p>Enfin un Cystoderma granulosum<\/p>\n\n\n\n<p>&#8212;&#8212;&#8212;&#8212;&#8212;&#8212;&#8212;&#8212;&#8212;&#8212;&#8212;&#8212;&#8212;&#8212;&#8212;&#8212;&#8212;&#8212;&#8212;&#8212;&#8212;&#8212;&#8212;&#8212;&#8212;&#8212;&#8212;&#8212;&#8212;&#8212;&#8212;&#8212;&#8212;-<br><u>Les commentaires de la d\u00e9termination du <\/u>24\/11\/2014<\/p>\n\n\n\n<p>Champignons d\u00e9termin\u00e9s (&nbsp;le matin et ceux apport\u00e9s le soir )<\/p>\n\n\n\n<p>Confirm\u00e9s par Daniel Gendre ( macro ou micro)<\/p>\n\n\n\n<p>-Amanita excelsa ( m\u00eames caract\u00e9ristiques que A. spissa mais spissa sent la rave , excelsa non<\/p>\n\n\n\n<p>-Amanita&nbsp; citrina , oui mais var. alba<\/p>\n\n\n\n<p>-Calocybe constricta<\/p>\n\n\n\n<p>voir : http:\/\/www.mycodb.fr\/photos\/Calocybe_constricta_2009_rp_1.jpg<\/p>\n\n\n\n<p>-Clitocybe nebularis<\/p>\n\n\n\n<p>-Coprinus picaceus<\/p>\n\n\n\n<p>voir : http:\/\/www.mycodb.fr\/photos\/Coprinopsis_picacea_2007_rp_1.jpg<\/p>\n\n\n\n<p>-Coprinus comatus<\/p>\n\n\n\n<p>voir : http:\/\/www.mycodb.fr\/photos\/Coprinus_comatus_2006_jg_1.jpg<\/p>\n\n\n\n<p>-Cortinarius elatior<\/p>\n\n\n\n<p>voir : http:\/\/www.mycodb.fr\/photos\/Cortinarius_elatior_2004_pr_1.jpg<\/p>\n\n\n\n<p>-Chalciporus piperatus<\/p>\n\n\n\n<p>-Cuphophyllus cinereus ( Hygrocybe tout blanc)<\/p>\n\n\n\n<p>voir :<\/p>\n\n\n\n<p>-Gymnopilus penetrans<\/p>\n\n\n\n<p>voir : http:\/\/www.mycodb.fr\/photos\/Gymnopilus_penetrans_2007_av_1.jpg<\/p>\n\n\n\n<p>-Helvella crispa<\/p>\n\n\n\n<p>-Hypholoma sublateritium<\/p>\n\n\n\n<figure class=\"wp-block-embed\"><div class=\"wp-block-embed__wrapper\">\nhttp:\/\/www.mycodb.fr\/photos\/Hypholoma_lateritium_2006_jg_1.jpg\n<\/div><\/figure>\n\n\n\n<p>-Hypholoma fasciculare<\/p>\n\n\n\n<p>-Inocybe geophylla<\/p>\n\n\n\n<p>voir :http:\/\/www.mycodb.fr\/photos\/Inocybe_geophylla_2001_dr_1.jpg<\/p>\n\n\n\n<p>-Inocybe lanuginosa<\/p>\n\n\n\n<p>voir : http:\/\/www.mycodb.fr\/photos\/Inocybe_lanuginosa_2008_jd_1.jpg<\/p>\n\n\n\n<p>-Mycena inclinata<\/p>\n\n\n\n<p>-Mycena pura (les 2 groupes de Mycenes , les pieds plus sombres \u00e9taient dus \u00e0 la vieillesse )<\/p>\n\n\n\n<p>-Mycena &nbsp;vitilis ( synonyme Myc filopes &nbsp;( d\u00e9termin\u00e9 micro ) celui avec le skype de 23 cm . voir : http:\/\/www.mycodb.fr\/photos\/Mycena_vitilis_2010_alr_1.jpg<\/p>\n\n\n\n<p>-Macroscyphus macropus (ex famille des Helvettes )<\/p>\n\n\n\n<p>voir : http:\/\/www.mycodb.fr\/photos\/Helvella_macropus_2007_jd_1.jpg<\/p>\n\n\n\n<p>-Pluteus cervinus<\/p>\n\n\n\n<p>-Oudemansiella radicata ou Xerula _<\/p>\n\n\n\n<p>voir : http:\/\/www.mycodb.fr\/photos\/Xerula_radicata_2009_mr_1.jpg<\/p>\n\n\n\n<p>-Melanoleuca grammopodia<\/p>\n\n\n\n<p>voir : http:\/\/www.mycodb.fr\/photos\/Melanoleuca_grammopodia_1995_dr_1.jpg<\/p>\n\n\n\n<p>-<span class='tooltipsall tooltipsincontent classtoolTips9'>Russula<\/span> chloro\u00efdes<\/p>\n\n\n\n<p>voir :&nbsp; http:\/\/www.mycodb.fr\/photos\/<span class='tooltipsall tooltipsincontent classtoolTips9'>Russula<\/span>_chloroides_2014_am_1.jpg<\/p>\n\n\n\n<p>-<span class='tooltipsall tooltipsincontent classtoolTips9'>Russula<\/span> parazurea<\/p>\n\n\n\n<p>voir : http:\/\/www.mycodb.fr\/photos\/<span class='tooltipsall tooltipsincontent classtoolTips9'>Russula<\/span>_parazurea_2008_am_1.jpg<\/p>\n\n\n\n<p>-Stropharia semiglobata<\/p>\n\n\n\n<p>voir : http:\/\/www.mycodb.fr\/photos\/Stropharia_semiglobata_2008_am_1.jpg<\/p>\n\n\n\n<p>-Tricholoma sciodes<\/p>\n\n\n\n<p>( <span class='tooltipsall tooltipsincontent classtoolTips11'><span class='tooltipsall tooltipsincontent classtoolTips11'>stipe<\/span><\/span> long et ar\u00eate des lames noir\u00e2tre .)<\/p>\n\n\n\n<p>voir : http:\/\/www.mycodb.fr\/photos\/Tricholoma_sciodes_2006_jd_1.jpg<\/p>\n\n\n\n<p>-Xerocomus porosporus<\/p>\n\n\n\n<p>voir : http:\/\/www.mycodb.fr\/photos\/Xerocomus_porosporus_2010_pl_1.jpg<\/p>\n\n\n\n<p>&#8212;&#8212;&#8212;&#8212;&#8212;&#8212;&#8212;&#8212;&#8212;&#8212;&#8212;&#8212;&#8212;&#8212;&#8212;&#8212;&#8212;&#8212;&#8212;&#8212;&#8212;&#8212;&#8212;&#8212;&#8212;&#8212;&#8212;&#8211;<br><u>Les commentaires de la d\u00e9termination du 17\/11\/2014<\/u><\/p>\n\n\n\n<p>Quelques champignons d\u00e9termin\u00e9s ( et presque tous trouv\u00e9s&nbsp;! &nbsp;) car&nbsp;v\u00e9rifi\u00e9s par D. G. et D. C. pour le micro.<\/p>\n\n\n\n<p>\u2013Agaricus sylvaticus<\/p>\n\n\n\n<p>\u2013Collybia butyracea<\/p>\n\n\n\n<p>voir : http:\/\/www.mycodb.fr\/photos\/Rhodocollybia_butyracea_2006_dr_1.jpg<\/p>\n\n\n\n<p>\u2013Clitocybe &nbsp;fritilliformis , la taille des spores ( 5 par 3) le diff\u00e9rencie du Cl. decembris&nbsp;dont les spores sont beaucoup plus grosses.<\/p>\n\n\n\n<p>voir :<\/p>\n\n\n\n<p>\u2013Cystoderma amianthinum<\/p>\n\n\n\n<p>voir : http:\/\/www.mycodb.fr\/photos\/Cystoderma_amianthinum_2005_dr_1.jpg<\/p>\n\n\n\n<p>-le champignon \u00e0 spor\u00e9e ocre , on h\u00e9sitait entre Pholliota et Gymnopilus , c&rsquo;est Gymnopilus penetrans<\/p>\n\n\n\n<p>voir : http:\/\/www.mycodb.fr\/photos\/Gymnopilus_penetrans_2007_av_1.jpg<\/p>\n\n\n\n<p>-La grosse touffe de champignons totalement roses, c&rsquo;\u00e9tait bien Laccaria ( d\u00e9termin\u00e9 au microscope par Danielle Carbonnel&nbsp; ,bien qu&rsquo;ils se trouvent tr\u00e8s rarement en touffes.) Sur 4 Laccaria pr\u00e9sent\u00e9s par M.Bon 3 sont \u00e0 spores globuleuses, le quatri\u00e8me a des spores allong\u00e9es cylindrac\u00e9es.<\/p>\n\n\n\n<p>voir :<\/p>\n\n\n\n<p>\u2013Tricholoma saponaceum<\/p>\n\n\n\n<p>voir : http:\/\/www.mycodb.fr\/photos\/Tricholoma_saponaceum_2007_av_1.jpg<\/p>\n\n\n\n<p>-quelques Inocybes mais esp\u00e8ces non pr\u00e9cis\u00e9es.<\/p>\n\n\n\n<p>-la <span class='tooltipsall tooltipsincontent classtoolTips9'>Russula<\/span> violette est <span class='tooltipsall tooltipsincontent classtoolTips9'>Russula<\/span>&nbsp;&nbsp;amoena<\/p>\n\n\n\n<p>voir : http:\/\/www.mycodb.fr\/photos\/<span class='tooltipsall tooltipsincontent classtoolTips9'>Russula<\/span>_amoena_2013_am_1.jpg<\/p>\n\n\n\n<p>-Lactarius deterrimus<\/p>\n\n\n\n<p>voir : http:\/\/www.mycodb.fr\/photos\/Lactarius_deterrimus_2009_jf_1.jpg<\/p>\n\n\n\n<p>&#8212;&#8212;&#8212;&#8212;&#8212;&#8212;&#8212;&#8212;&#8212;&#8212;&#8212;&#8212;&#8212;&#8212;&#8212;&#8212;&#8212;&#8212;&#8212;&#8212;&#8212;&#8212;&#8212;&#8212;&#8212;&#8212;&#8212;&#8212;&#8212;&#8212;&#8212;<br><u>Les commentaires de la d\u00e9termination du 10\/10\/2014<\/u><\/p>\n\n\n\n<p>Jeanne, Monique, Denise, Jean-Marie P. et Jo\u00ebl ont particip\u00e9.<\/p>\n\n\n\n<p>Voici quelques confirmations et infirmations concernant nos recherches sur les champignnos &nbsp;ramass\u00e9s \u00e0 La Croix R\u00e9gis .<\/p>\n\n\n\n<p>\u00c0 pr\u00e9ciser que vu la quantit\u00e9 de champignons r\u00e9colt\u00e9s , tous n&rsquo;ont pas \u00e9t\u00e9 d\u00e9termin\u00e9s par D. G. qui en a emport\u00e9 1ou 2 chez lui&nbsp;pour poursuivre sa recherche<\/p>\n\n\n\n<p>La d\u00e9termination pour la m\u00eame raison n&rsquo;a \u00e9t\u00e9 que macroscopique .<\/p>\n\n\n\n<p>Daniel \u00e9tait tout \u00e0 fait d&rsquo;accord avec nous pour:<\/p>\n\n\n\n<p>\u2013Amanita vagina<\/p>\n\n\n\n<p>-Amanita citrina<\/p>\n\n\n\n<p>-Mycena rosea<\/p>\n\n\n\n<p>-Lactarius chrysorrheus (zon\u00e9 sur le chapeau , \u00e0 lait jaunissant)<\/p>\n\n\n\n<p>-Hypholoma sulblateritium ( 1 seul&nbsp;exemplaire \u00e0 chapeau couleur brique)<\/p>\n\n\n\n<p>-Hypholoma fasciculare ( en grosses touffes )<\/p>\n\n\n\n<p>-Clitocybe n\u00e9bularis ( nombreux exemplaires)<\/p>\n\n\n\n<p>-Xerocomus badius<\/p>\n\n\n\n<p>-Xerocomus pruinatus ( m\u00eame s&rsquo;il ressemble beaucoup au chrysenteron)<\/p>\n\n\n\n<p>voir : http:\/\/www.mycobel.be\/photomyco\/xerocomus_pruinatus_(yd)_1.jpg<\/p>\n\n\n\n<p>-Scleroderma citrinum<\/p>\n\n\n\n<p>-Piptoporus betulinus<\/p>\n\n\n\n<p>-Megacollybia platyphylla<\/p>\n\n\n\n<p>\u00c7a nous en fait tout de m\u00eame 12&nbsp;de bons mais ce sont les plus communs !<\/p>\n\n\n\n<p>Daniel n&rsquo;\u00e9tait pas du tout d&rsquo;accord avec nous pour :<\/p>\n\n\n\n<p>\u2013Lentinellus cochleatus (odeur anis\u00e9e ) qui&nbsp;devient Lepista inversa ( odeur &nbsp;fongique banale)<br>voir : http:\/\/www.mycodb.fr\/photos\/Lepista_inversa_2014_am_1.jpg<\/p>\n\n\n\n<p>-Le champignon \u00e0 chapeau gris , n&rsquo;\u00e9tait pas un Tricholome mais\u2026<\/p>\n\n\n\n<p>Megacollybia platyphylla ( en effet le chapeau n&rsquo;\u00e9tait pas assez charnu )<\/p>\n\n\n\n<p>-La Collybie distorta devient Laccaria sans aller plus loin , ce qu&rsquo;on avait pris pour des lames <span class='tooltipsall tooltipsincontent classtoolTips2'>anastomos\u00e9es<\/span> \u00e9tait en fait des lames parasit\u00e9es , donc difficile \u00e0 d\u00e9terminer pr\u00e9cis\u00e9ment<\/p>\n\n\n\n<p>\u2013Stropharia aeruginosa ( odeur herbac\u00e9e d\u00e9sagr\u00e9able ) devient Clitocybe odora ( il sentait bon l&rsquo;anis ) et de plus les strophaires ont toujours une \u00a0\u00bb chaussette\u00a0\u00bb &nbsp;contre sens f\u00e2cheux<br>voir : http:\/\/www.mycodb.fr\/photos\/Clitocybe_odora_2006_jg_1.jpg<\/p>\n\n\n\n<p>\u2013&nbsp;Clitocybe dealbata &nbsp;devient Clitocybe&nbsp;phyllophila<\/p>\n\n\n\n<p>Clitocybe dealbata a un chapeau de diam\u00e8tre maxi 3 cm ,le chapeau de&nbsp; nos exemplaires<\/p>\n\n\n\n<p>mesurait plus de&nbsp;7 cm. Mais l\u00e0 , le genre c&rsquo;\u00e9tait bon.voir : http:\/\/www.mycodb.fr\/photos\/Clitocybe_phyllophila_2006_jg_1.jpg<\/p>\n\n\n\n<p>\u2013Marasme cohaerens devient Mycena inclinata ( qui a aussi un pied rougissant vers le bas )<\/p>\n\n\n\n<p>voir : http:\/\/www.mycodb.fr\/photos\/Mycena_inclinata_2004_jd_1.jpg<\/p>\n\n\n\n<p>\u2013Agaricus xanthoderma devient Ag. Silvicola ( le chapeau pas assez tronqu\u00e9 )<\/p>\n\n\n\n<p>voir : http:\/\/www.mycodb.fr\/photos\/Agaricus_sylvicola_2004_jd_1.jpg<\/p>\n\n\n\n<p>\u2013Tous les Leccinum \u00e9taient des versipelle ( ceux avec des pieds tr\u00e8s ponctu\u00e9s de noir , aussi.<\/p>\n\n\n\n<p>\u2013Cortinarius semisanguineus &nbsp;devient Cort. phoeniceus ( la base du pied \u00e9tait en effet rouge )<\/p>\n\n\n\n<p>voir : http:\/\/www.mycodb.fr\/photos\/Cortinarius_phoeniceus_2006_gm_1.jpg<\/p>\n\n\n\n<p>\u2013Russula vinosa non car elle aurait d\u00fb avoir le pied roug , pas notre exemplaire, mais pas d\u00e9termin\u00e9e, c&rsquo;est tout de m\u00eame une <span class='tooltipsall tooltipsincontent classtoolTips9'>russule<\/span> .<\/p>\n\n\n\n<p>&#8212;&#8212;&#8212;&#8212;&#8212;&#8212;&#8212;&#8212;&#8212;&#8212;&#8212;&#8212;&#8212;&#8212;&#8212;&#8212;&#8212;&#8212;&#8212;&#8212;&#8212;&#8212;&#8212;&#8212;&#8212;&#8212;&#8211;<br><u>Les commentaires autour de la sortie \u00e0 Fournols des d\u00e9termination des 04 et 05\/10\/2014<\/u><\/p>\n\n\n\n<p>Entre 140 et 150 esp\u00e8ces trouv\u00e9es. Toutes n&rsquo;ont pas \u00e9t\u00e9 d\u00e9termin\u00e9es avec pr\u00e9cision faute de temps et \u2026\u2026\u2026\u2026.d&rsquo;assurance. Beaucoup de bonnes volont\u00e9s, de l&rsquo;enthousiasme.<\/p>\n\n\n\n<p>La liste a \u00e9t\u00e9 compl\u00e9t\u00e9e le jeudi 09\/10 et communiqu\u00e9e \u00e0 l&rsquo;Agent forestier de Fournols par Pierre B.<\/p>\n\n\n\n<figure class=\"wp-block-table cke_show_border\"><table><tbody><tr><td>\n<p align=\"left\">Agaricus<\/p>\n<\/td><td>\n<p align=\"left\">sylvicola<\/p>\n<\/td><td>\n<p align=\"left\">voir http:\/\/www.mycodb.fr\/photos\/Agaricus_sylvicola_2004_jd_1.jpg<\/p>\n<\/td><\/tr><tr><td>\n<p align=\"left\">Amanita<\/p>\n<\/td><td>\n<p align=\"left\">junquillea<\/p>\n<\/td><td>\n<p align=\"left\">voir http:\/\/www.mycodb.fr\/photos\/Amanita_junquillea_2002_rp_1.jpg<\/p>\n<\/td><\/tr><tr><td>\n<p align=\"left\">Amanita<\/p>\n<\/td><td>\n<p align=\"left\">citrina forme alba<\/p>\n<\/td><td>\n<p align=\"left\">voir http:\/\/www.mycodb.fr\/photos\/Amanita_phalloides_2012_jf_1.jpg<\/p>\n<\/td><\/tr><tr><td>\n<p align=\"left\">Amanita<\/p>\n<\/td><td>\n<p align=\"left\">sylvatica<\/p>\n<\/td><td>\n<p align=\"left\">voir<\/p>\n<\/td><\/tr><tr><td>\n<p align=\"left\">Amanita<\/p>\n<\/td><td>\n<p align=\"left\">citrina<\/p>\n<\/td><td>\n<p align=\"left\">voir http:\/\/www.mycobel.be\/photomyco\/amanita_citrina_(yd)_1.jpg<\/p>\n<\/td><\/tr><tr><td>\n<p align=\"left\">Amanita<\/p>\n<\/td><td>\n<p align=\"left\">fulva<\/p>\n<\/td><td>\n<p align=\"left\">voir http:\/\/www.mycodb.fr\/photos\/Amanita_fulva_2002_rp_1.jpg<\/p>\n<\/td><\/tr><tr><td>\n<p align=\"left\">Amanita<\/p>\n<\/td><td>\n<p align=\"left\">muscaria<\/p>\n<\/td><td>\n<p align=\"left\">voir http:\/\/www.mycodb.fr\/photos\/Amanita_muscaria_2011_jpa_1.jpg<\/p>\n<\/td><\/tr><tr><td>\n<p align=\"left\">Amanita<\/p>\n<\/td><td>\n<p align=\"left\">porphyria<\/p>\n<\/td><td>\n<p align=\"left\">voir http:\/\/www.mycodb.fr\/photos\/Amanita_porphyria_2013_am_1.jpg<\/p>\n<\/td><\/tr><tr><td>\n<p align=\"left\">Amanita<\/p>\n<\/td><td>\n<p align=\"left\">rubescens<\/p>\n<\/td><td>\n<p align=\"left\">voir http:\/\/www.mycodb.fr\/photos\/Amanita_rubescens_2013_am_1.jpg<\/p>\n<\/td><\/tr><tr><td>\n<p align=\"left\">Amanita<\/p>\n<\/td><td>\n<p align=\"left\">vaginata<\/p>\n<\/td><td>\n<p align=\"left\">voir http:\/\/www.mycobel.be\/photomyco\/amanita_vaginata_(yd)_1.jpg<\/p>\n<\/td><\/tr><tr><td>\n<p align=\"left\">Bankera<\/p>\n<\/td><td>\n<p align=\"left\">fuligineoalba<\/p>\n<\/td><td>\n<p align=\"left\">voir http:\/\/www.mycodb.fr\/photos\/Bankera_fuligineoalba_2000_jd_1.jpg<\/p>\n<\/td><\/tr><tr><td>\n<p align=\"left\">Boletus<\/p>\n<\/td><td>\n<p align=\"left\">appendiculatus<\/p>\n<\/td><td>\n<p align=\"left\">voir http:\/\/www.mycodb.fr\/photos\/Boletus_appendiculatus.jpg<\/p>\n<\/td><\/tr><tr><td>\n<p align=\"left\">Boletus<\/p>\n<\/td><td>\n<p align=\"left\">calopus<\/p>\n<\/td><td>\n<p align=\"left\">voir http:\/\/www.mycobel.be\/photomyco\/boletus_calopus_(yd)_1.jpg<\/p>\n<\/td><\/tr><tr><td>\n<p align=\"left\">Boletus<\/p>\n<\/td><td>\n<p align=\"left\">erythropus<\/p>\n<\/td><td>\n<p align=\"left\">voir http:\/\/www.mycodb.fr\/photos\/Boletus_erythropus_2006_am_1.jpg<\/p>\n<\/td><\/tr><tr><td>\n<p align=\"left\">Boletus<\/p>\n<\/td><td>\n<p align=\"left\">radicans ou calopus d\u00e9lav\u00e9 ?<\/p>\n<\/td><td>\n<p align=\"left\">voir http:\/\/www.mycodb.fr\/photos\/Boletus_radicans_2006_jg_1.jpg<\/p>\n<\/td><\/tr><tr><td>\n<p align=\"left\">Boletus<\/p>\n<\/td><td>\n<p align=\"left\">edulis<\/p>\n<\/td><td>\n<p align=\"left\">voir http:\/\/www.mycodb.fr\/photos\/Boletus_edulis_2007_jf_1.jpg<\/p>\n<\/td><\/tr><tr><td>\n<p align=\"left\">Calocera<\/p>\n<\/td><td>\n<p align=\"left\">viscosa<\/p>\n<\/td><td>\n<p align=\"left\">voir http:\/\/www.mycobel.be\/photomyco\/calocera_viscosa_(yd)_1.jpg<\/p>\n<\/td><\/tr><tr><td>\n<p align=\"left\">Cantharellus<\/p>\n<\/td><td>\n<p align=\"left\">cibarius<\/p>\n<\/td><td>\n<p align=\"left\">voir http:\/\/www.mycodb.fr\/photos\/Cantharellus_cibarius_2006_jg_1.jpg<\/p>\n<\/td><\/tr><tr><td>\n<p align=\"left\">Cantharellus<\/p>\n<\/td><td>\n<p align=\"left\">tubaeformis<\/p>\n<\/td><td>\n<p align=\"left\">voir http:\/\/www.mycodb.fr\/photos\/Craterellus_tubaeformis_2001_dr_1.jpg<\/p>\n<\/td><\/tr><tr><td>\n<p align=\"left\">Cantharellus<\/p>\n<\/td><td>\n<p align=\"left\">amethysteus<\/p>\n<\/td><td>\n<p align=\"left\">voir http:\/\/www.mycodb.fr\/photos\/Cantharellus_amethysteus_2006_av_1.jpg<\/p>\n<\/td><\/tr><tr><td>\n<p align=\"left\">Chrysomphalina<\/p>\n<\/td><td>\n<p align=\"left\">chrysophylla<\/p>\n<\/td><td>\n<p align=\"left\">voir http:\/\/www.mycodb.fr\/photos\/Chrysomphalina_chrysophylla_2006_ca_1.jpg<\/p>\n<\/td><\/tr><tr><td>\n<p align=\"left\">Clitocybe<\/p>\n<\/td><td>\n<p align=\"left\">gibba<\/p>\n<\/td><td>\n<p align=\"left\">voir http:\/\/www.mycodb.fr\/photos\/Clitocybe_gibba_2007_jf_1.jpg<\/p>\n<\/td><\/tr><tr><td>\n<p align=\"left\">Clitocybe<\/p>\n<\/td><td>\n<p align=\"left\">nebularis<\/p>\n<\/td><td>\n<p align=\"left\">voir http:\/\/www.mycodb.fr\/photos\/Clitocybe_nebularis_2012_cf_1.jpg<\/p>\n<\/td><\/tr><tr><td>\n<p align=\"left\">Clitocybe<\/p>\n<\/td><td>\n<p align=\"left\">odora<\/p>\n<\/td><td>\n<p align=\"left\">voir http:\/\/www.mycodb.fr\/photos\/Clitocybe_odora_2006_jg_1.jpg<\/p>\n<\/td><\/tr><tr><td>\n<p align=\"left\">Clitopilus<\/p>\n<\/td><td>\n<p align=\"left\">prunulus<\/p>\n<\/td><td>\n<p align=\"left\">voir http:\/\/www.mycodb.fr\/photos\/Clitopilus_prunulus_2006_jg_1.jpg<\/p>\n<\/td><\/tr><tr><td>\n<p align=\"left\">Coltricia<\/p>\n<\/td><td>\n<p align=\"left\">perennis<\/p>\n<\/td><td>\n<p align=\"left\">voir http:\/\/www.mycobel.be\/photomyco\/coltricia_perennis_(yd)_2.jpg<\/p>\n<\/td><\/tr><tr><td>\n<p align=\"left\">Cordyceps<\/p>\n<\/td><td>\n<p align=\"left\">ophioglossoides<\/p>\n<\/td><td>\n<p align=\"left\">voir http:\/\/www.mycobel.be\/photomyco\/cordyceps_ophioglossoides_(yd)_1.jpg<\/p>\n<\/td><\/tr><tr><td>\n<p align=\"left\">Cortinarius<\/p>\n<\/td><td>\n<p align=\"left\">camphoratus<\/p>\n<\/td><td>\n<p align=\"left\">voir http:\/\/www.mycodb.fr\/photos\/Cortinarius_camphoratus_2007_lg_1.jpg<\/p>\n<\/td><\/tr><tr><td>\n<p align=\"left\">Cortinarius<\/p>\n<\/td><td>\n<p align=\"left\">finitimus<\/p>\n<\/td><td>\n<p align=\"left\">voir http:\/\/www.mycobel.be\/photomyco\/cortinarius_finitimus_(yd)_0600.jpg<\/p>\n<\/td><\/tr><tr><td>\n<p align=\"left\">Cortinarius<\/p>\n<\/td><td>\n<p align=\"left\">semisanguineus<\/p>\n<\/td><td>\n<p align=\"left\">voir http:\/\/www.mycodb.fr\/photos\/Cortinarius_semisanguineus_2008_gm_1.jpg<\/p>\n<\/td><\/tr><tr><td>\n<p align=\"left\">Cortinarius<\/p>\n<\/td><td>\n<p align=\"left\">orellanus<\/p>\n<\/td><td>\n<p align=\"left\">voir http:\/\/www.mycodb.fr\/photos\/Cortinarius_orellanus_2010_jd_1.jpg<\/p>\n<\/td><\/tr><tr><td>\n<p align=\"left\">Cortinarius<\/p>\n<\/td><td>\n<p align=\"left\">sanguineus<\/p>\n<\/td><td>\n<p align=\"left\">voir http:\/\/www.mycodb.fr\/photos\/Cortinarius_sanguineus_2007_jd_1.jpg<\/p>\n<\/td><\/tr><tr><td>\n<p align=\"left\">Chroogomphus<\/p>\n<\/td><td>\n<p align=\"left\">rutilus ou helveticus<\/p>\n<\/td><td>\n<p align=\"left\">voir http:\/\/www.mycodb.fr\/photos\/Chroogomphus_rutilus_2008_jd_1.jpg<\/p>\n<\/td><\/tr><tr><td>\n<p align=\"left\">Cystoderma<\/p>\n<\/td><td>\n<p align=\"left\">amianthinum<\/p>\n<\/td><td>\n<p align=\"left\">voir http:\/\/www.mycodb.fr\/photos\/Cystoderma_amianthinum_2004_dr_1.jpg<\/p>\n<\/td><\/tr><tr><td>\n<p align=\"left\">Entoloma<\/p>\n<\/td><td>\n<p align=\"left\">nitidum<\/p>\n<\/td><td>\n<p align=\"left\">voir http:\/\/www.mycodb.fr\/photos\/Entoloma_nitidum_2010_jf_1.jpg<\/p>\n<\/td><\/tr><tr><td>\n<p align=\"left\">Semp\u00e9us<\/p>\n<\/td><td>\n<p align=\"left\">petitnicolas<\/p>\n<\/td><td>\n<p align=\"left\">voir http:\/\/www.mycodb.fr\/photos\/Fomitopsis_pinicola_2007_jf_1.jpg<\/p>\n<\/td><\/tr><tr><td>\n<p align=\"left\">Geastrum<\/p>\n<\/td><td>\n<p align=\"left\">quadrifidum<\/p>\n<\/td><td>\n<p align=\"left\">voir http:\/\/www.mycodb.fr\/photos\/Geastrum_quadrifidum_2008_jd_3.jpg<\/p>\n<\/td><\/tr><tr><td>\n<p align=\"left\">Gomphus<\/p>\n<\/td><td>\n<p align=\"left\">clavatus<\/p>\n<\/td><td>\n<p align=\"left\">voir http:\/\/www.mycodb.fr\/photos\/Gomphus_clavatus_2008_jf_1.jpg<\/p>\n<\/td><\/tr><tr><td>\n<p align=\"left\">Gymnopilus<\/p>\n<\/td><td>\n<p align=\"left\">penetrans<\/p>\n<\/td><td>\n<p align=\"left\">voir http:\/\/www.mycodb.fr\/photos\/Gymnopilus_penetrans_2013_am_1.jpg<\/p>\n<\/td><\/tr><tr><td>\n<p align=\"left\">Hebeloma<\/p>\n<\/td><td>\n<p align=\"left\">sinapizans<\/p>\n<\/td><td>\n<p align=\"left\">voir http:\/\/www.mycodb.fr\/photos\/Hebeloma_sinapizans_2007_jf_1.jpg<\/p>\n<\/td><\/tr><tr><td>\n<p align=\"left\">Hydnum<\/p>\n<\/td><td>\n<p align=\"left\">repandum<\/p>\n<\/td><td>\n<p align=\"left\">voir http:\/\/www.mycodb.fr\/photos\/Hydnum_repandum_2007_am_1.jpg<\/p>\n<\/td><\/tr><tr><td>\n<p align=\"left\">Hygrophorus<\/p>\n<\/td><td>\n<p align=\"left\">penarius<\/p>\n<\/td><td>\n<p align=\"left\">voir http:\/\/www.mycodb.fr\/photos\/Hygrophorus_penarius_2007_jf_1.jpg<\/p>\n<\/td><\/tr><tr><td>\n<p align=\"left\">Hygrophorus<\/p>\n<\/td><td>\n<p align=\"left\">pudorinus<\/p>\n<\/td><td>\n<p align=\"left\">voir http:\/\/www.mycobel.be\/photomyco\/hygrophorus_pudorinus_(yd)_3.jpg<\/p>\n<\/td><\/tr><tr><td>\n<p align=\"left\">Inocybe<\/p>\n<\/td><td>\n<p align=\"left\">calamistrata<\/p>\n<\/td><td>\n<p align=\"left\">voir http:\/\/www.mycodb.fr\/photos\/Inocybe_calamistrata_2006_pr_1.jpg<\/p>\n<\/td><\/tr><tr><td>\n<p align=\"left\">Laccaria<\/p>\n<\/td><td>\n<p align=\"left\">amethystina<\/p>\n<\/td><td>\n<p align=\"left\">voir http:\/\/www.mycodb.fr\/photos\/Laccaria_amethystina_2013_pj_2.jpg<\/p>\n<\/td><\/tr><tr><td>\n<p align=\"left\">Laccaria<\/p>\n<\/td><td>\n<p align=\"left\">laccata<\/p>\n<\/td><td>\n<p align=\"left\">voir http:\/\/www.mycodb.fr\/photos\/Laccaria_laccata_2006_jg_1.jpg<\/p>\n<\/td><\/tr><tr><td>\n<p align=\"left\">Lactarius<\/p>\n<\/td><td>\n<p align=\"left\">blennius<\/p>\n<\/td><td>\n<p align=\"left\">voir http:\/\/www.mycodb.fr\/photos\/Lactarius_blennius_1999_dr_1.jpg<\/p>\n<\/td><\/tr><tr><td>\n<p align=\"left\">Lactarius<\/p>\n<\/td><td>\n<p align=\"left\">camphoratus<\/p>\n<\/td><td>\n<p align=\"left\">voir http:\/\/www.mycodb.fr\/photos\/Lactarius_camphoratus_2007_jf_1.jpg<\/p>\n<\/td><\/tr><tr><td>\n<p align=\"left\">Lactarius<\/p>\n<\/td><td>\n<p align=\"left\">aurantiofulvus<\/p>\n<\/td><td>\n<p align=\"left\">voir http:\/\/www.mycodb.fr\/photos\/Lactarius_aurantiofulvus_2003_dr_1.jpg<\/p>\n<\/td><\/tr><tr><td>\n<p align=\"left\">Lactarius<\/p>\n<\/td><td>\n<p align=\"left\">deterrimus<\/p>\n<\/td><td>\n<p align=\"left\">voir http:\/\/www.mycodb.fr\/photos\/Lactarius_deterrimus_2013_am_1.jpg<\/p>\n<\/td><\/tr><tr><td>\n<p align=\"left\">Lactarius<\/p>\n<\/td><td>\n<p align=\"left\">lignyotus<\/p>\n<\/td><td>\n<p align=\"left\">voir http:\/\/www.mycodb.fr\/photos\/Lactarius_lignyotus_2012_lt_1.jpg<\/p>\n<\/td><\/tr><tr><td>\n<p align=\"left\">Lactarius<\/p>\n<\/td><td>\n<p align=\"left\">rufus<\/p>\n<\/td><td>\n<p align=\"left\">voir http:\/\/www.mycodb.fr\/photos\/Lactarius_rufus_2006_av_1.jpg<\/p>\n<\/td><\/tr><tr><td>\n<p align=\"left\">Lactarius<\/p>\n<\/td><td>\n<p align=\"left\">salmonicolor<\/p>\n<\/td><td>\n<p align=\"left\">voir http:\/\/www.mycodb.fr\/photos\/Lactarius_salmonicolor_2007_jf_1.jpg<\/p>\n<\/td><\/tr><tr><td>\n<p align=\"left\">Lactarius<\/p>\n<\/td><td>\n<p align=\"left\">torminosus<\/p>\n<\/td><td>\n<p align=\"left\">voir http:\/\/www.mycodb.fr\/photos\/Lactarius_torminosus_2007_jf_1.jpg<\/p>\n<\/td><\/tr><tr><td>\n<p align=\"left\">Lactarius<\/p>\n<\/td><td>\n<p align=\"left\">vellereus<\/p>\n<\/td><td>\n<p align=\"left\">voir http:\/\/www.mycodb.fr\/photos\/Lactarius_vellereus_2013_am_1.jpg<\/p>\n<\/td><\/tr><tr><td>\n<p align=\"left\">Leccinum<\/p>\n<\/td><td>\n<p align=\"left\">quercinum<\/p>\n<\/td><td>\n<p align=\"left\">voir http:\/\/www.mycodb.fr\/photos\/Leccinum_quercinum.jpg<\/p>\n<\/td><\/tr><tr><td>\n<p align=\"left\">Leccinum<\/p>\n<\/td><td>\n<p align=\"left\">aurantiacum<\/p>\n<\/td><td>\n<p align=\"left\">voir http:\/\/www.mycodb.fr\/photos\/Leccinum_aurantiacum_2007_rp_1.jpg<\/p>\n<\/td><\/tr><tr><td>\n<p align=\"left\">Leccinum<\/p>\n<\/td><td>\n<p align=\"left\">scabrum<\/p>\n<\/td><td>\n<p align=\"left\">voir http:\/\/www.mycodb.fr\/photos\/Leccinum_scabrum.jpg<\/p>\n<\/td><\/tr><tr><td>\n<p align=\"left\">Leccinum<\/p>\n<\/td><td>\n<p align=\"left\">versipelle<\/p>\n<\/td><td>\n<p align=\"left\">voir http:\/\/www.mycodb.fr\/photos\/Leccinum_versipelle_bk.jpg<\/p>\n<\/td><\/tr><tr><td>\n<p align=\"left\">Lentinellus<\/p>\n<\/td><td>\n<p align=\"left\">cochleatus<\/p>\n<\/td><td>\n<p align=\"left\">voir http:\/\/www.mycodb.fr\/photos\/Lentinellus_cochleatus_2014_am_1.jpg<\/p>\n<\/td><\/tr><tr><td>\n<p align=\"left\">Leotia<\/p>\n<\/td><td>\n<p align=\"left\">lubrica<\/p>\n<\/td><td>\n<p align=\"left\">voir http:\/\/www.mycodb.fr\/photos\/Leotia_lubrica_1979_hj_1.jpg<\/p>\n<\/td><\/tr><tr><td>\n<p align=\"left\">Lepista<\/p>\n<\/td><td>\n<p align=\"left\">inversa<\/p>\n<\/td><td>\n<p align=\"left\">voir http:\/\/www.mycodb.fr\/photos\/Lepista_inversa_2012_mc_1.jpg<\/p>\n<\/td><\/tr><tr><td>\n<p align=\"left\">Lepista<\/p>\n<\/td><td>\n<p align=\"left\">nuda<\/p>\n<\/td><td>\n<p align=\"left\">voir http:\/\/www.mycodb.fr\/photos\/Lepista_nuda_2006_jg_1.jpg<\/p>\n<\/td><\/tr><tr><td>\n<p align=\"left\">Lycogala<\/p>\n<\/td><td>\n<p align=\"left\">epidendron<\/p>\n<\/td><td>\n<p align=\"left\">voir http:\/\/www.mycodb.fr\/photos\/Lycogala_epidendron_2011_vb_4.jpg<\/p>\n<\/td><\/tr><tr><td>\n<p align=\"left\">Lycoperdon<\/p>\n<\/td><td>\n<p align=\"left\">perlatum<\/p>\n<\/td><td>\n<p align=\"left\">voir http:\/\/www.mycodb.fr\/photos\/Lycoperdon_perlatum_2011_vb_2.jpg<\/p>\n<\/td><\/tr><tr><td>\n<p align=\"left\">Macrolepiota<\/p>\n<\/td><td>\n<p align=\"left\">mastoidea<\/p>\n<\/td><td>\n<p align=\"left\">voir http:\/\/www.mycodb.fr\/photos\/Macrolepiota_mastoidea_2008_av_1.jpg<\/p>\n<\/td><\/tr><tr><td>\n<p align=\"left\">Macrolepiota<\/p>\n<\/td><td>\n<p align=\"left\">procera<\/p>\n<\/td><td>\n<p align=\"left\">voir http:\/\/www.mycodb.fr\/photos\/Macrolepiota_procera_2008_od_1.jpg<\/p>\n<\/td><\/tr><tr><td>\n<p align=\"left\">Megacollybia<\/p>\n<\/td><td>\n<p align=\"left\">platyphylla<\/p>\n<\/td><td>\n<p align=\"left\">voir http:\/\/www.mycodb.fr\/photos\/Megacollybia_platyphylla_2013_mc_1.jpg<\/p>\n<\/td><\/tr><tr><td>\n<p align=\"left\">Mycena<\/p>\n<\/td><td>\n<p align=\"left\">pura<\/p>\n<\/td><td>\n<p align=\"left\">voir http:\/\/www.mycodb.fr\/photos\/Mycena_pura_2007_jd_1.jpg<\/p>\n<\/td><\/tr><tr><td>\n<p align=\"left\">Otidea<\/p>\n<\/td><td>\n<p align=\"left\">onotica<\/p>\n<\/td><td>\n<p align=\"left\">voir http:\/\/www.mycodb.fr\/photos\/Otidea_onotica_2002.jpg<\/p>\n<\/td><\/tr><tr><td>\n<p align=\"left\">Oudemansiella<\/p>\n<\/td><td>\n<p align=\"left\">radicata<\/p>\n<\/td><td>\n<p align=\"left\">voir http:\/\/www.mycodb.fr\/photos\/Xerula_radicata_2002_dr_1.jpg<\/p>\n<\/td><\/tr><tr><td>\n<p align=\"left\">Paxillus<\/p>\n<\/td><td>\n<p align=\"left\">atrotomentosus<\/p>\n<\/td><td>\n<p align=\"left\">voir http:\/\/www.mycodb.fr\/photos\/Tapinella_atrotomentosa_2008_jlc_1.jpg<\/p>\n<\/td><\/tr><tr><td>\n<p align=\"left\">Paxillus<\/p>\n<\/td><td>\n<p align=\"left\">involutus<\/p>\n<\/td><td>\n<p align=\"left\">voir http:\/\/www.mycodb.fr\/photos\/Paxillus_involutus_2010_td_1.jpg<\/p>\n<\/td><\/tr><tr><td>\n<p align=\"left\">Phallus<\/p>\n<\/td><td>\n<p align=\"left\">impudicus<\/p>\n<\/td><td>\n<p align=\"left\">voir http:\/\/www.mycodb.fr\/photos\/Phallus_impudicus_2006_gp_1.jpg<\/p>\n<\/td><\/tr><tr><td>\n<p align=\"left\">Pholiota<\/p>\n<\/td><td>\n<p align=\"left\">astragalina<\/p>\n<\/td><td>\n<p align=\"left\">voir http:\/\/www.mycodb.fr\/photos\/Pholiota_astragalina_2004_lg_1.jpg<\/p>\n<\/td><\/tr><tr><td>\n<p align=\"left\">Pholiota<\/p>\n<\/td><td>\n<p align=\"left\">flammans<\/p>\n<\/td><td>\n<p align=\"left\">voir http:\/\/www.mycodb.fr\/photos\/Pholiota_flammans_2008_jf_1.jpg<\/p>\n<\/td><\/tr><tr><td>\n<p align=\"left\">Piptoporus<\/p>\n<\/td><td>\n<p align=\"left\">betulinus<\/p>\n<\/td><td>\n<p align=\"left\">voir http:\/\/www.mycodb.fr\/photos\/Piptoporus_betulinus_2013_am_1.jpg<\/p>\n<\/td><\/tr><tr><td>\n<p align=\"left\">Pleurotus<\/p>\n<\/td><td>\n<p align=\"left\">dryinus<\/p>\n<\/td><td>\n<p align=\"left\">voir http:\/\/www.mycodb.fr\/photos\/Pleurotus_dryinus_1973_td_1.jpg<\/p>\n<\/td><\/tr><tr><td>\n<p align=\"left\">Pluteus<\/p>\n<\/td><td>\n<p align=\"left\">cervinus<\/p>\n<\/td><td>\n<p align=\"left\">voir http:\/\/www.mycodb.fr\/photos\/Pluteus_cervinus_2007_av_1.jpg<\/p>\n<\/td><\/tr><tr><td>\n<p align=\"left\">Pseudohydnium<\/p>\n<\/td><td>\n<p align=\"left\">gelatinosum<\/p>\n<\/td><td>\n<p align=\"left\">voir http:\/\/www.mycodb.fr\/photos\/Pseudohydnum_gelatinosum_2008_gm_1.jpg<\/p>\n<\/td><\/tr><tr><td>\n<p align=\"left\">Pycnoporus<\/p>\n<\/td><td>\n<p align=\"left\">cinnabarinus<\/p>\n<\/td><td>\n<p align=\"left\">voir http:\/\/www.mycodb.fr\/photos\/Pycnoporus_cinnabarinus_2002.jpg<\/p>\n<\/td><\/tr><tr><td>\n<p align=\"left\"><span class='tooltipsall tooltipsincontent classtoolTips9'>Russula<\/span><\/p>\n<\/td><td>\n<p align=\"left\">fellea<\/p>\n<\/td><td>\n<p align=\"left\">voir http:\/\/www.mycodb.fr\/photos\/<span class='tooltipsall tooltipsincontent classtoolTips9'>Russula<\/span>_fellea_2006_jf_1.jpg<\/p>\n<\/td><\/tr><tr><td>\n<p align=\"left\"><span class='tooltipsall tooltipsincontent classtoolTips9'>Russula<\/span><\/p>\n<\/td><td>\n<p align=\"left\">mustelina<\/p>\n<\/td><td>\n<p align=\"left\">voir http:\/\/www.mycodb.fr\/photos\/<span class='tooltipsall tooltipsincontent classtoolTips9'>Russula<\/span>_mustelina_2002_jd_1.jpg<\/p>\n<\/td><\/tr><tr><td>\n<p align=\"left\"><span class='tooltipsall tooltipsincontent classtoolTips9'>Russula<\/span><\/p>\n<\/td><td>\n<p align=\"left\">queletii<\/p>\n<\/td><td>\n<p align=\"left\">voir http:\/\/www.mycodb.fr\/photos\/<span class='tooltipsall tooltipsincontent classtoolTips9'>Russula<\/span>_queletii_2006_pr_1.jpg<\/p>\n<\/td><\/tr><tr><td>\n<p align=\"left\"><span class='tooltipsall tooltipsincontent classtoolTips9'>Russula<\/span><\/p>\n<\/td><td>\n<p align=\"left\">ochroleuca<\/p>\n<\/td><td>\n<p align=\"left\">voir http:\/\/www.mycodb.fr\/photos\/<span class='tooltipsall tooltipsincontent classtoolTips9'>Russula<\/span>_ochroleuca_2011_gg_1.jpg<\/p>\n<\/td><\/tr><tr><td>\n<p align=\"left\"><span class='tooltipsall tooltipsincontent classtoolTips9'>Russula<\/span><\/p>\n<\/td><td>\n<p align=\"left\">cyanoxantha<\/p>\n<\/td><td>\n<p align=\"left\">voir http:\/\/www.mycodb.fr\/photos\/<span class='tooltipsall tooltipsincontent classtoolTips9'>Russula<\/span>_cyanoxantha_2009_jf_1.jpg<\/p>\n<\/td><\/tr><tr><td>\n<p align=\"left\">Sarcodon<\/p>\n<\/td><td>\n<p align=\"left\">imbricatus<\/p>\n<\/td><td>\n<p align=\"left\">voir http:\/\/www.mycodb.fr\/photos\/Sarcodon_imbricatum_2007_jd_1.jpg<\/p>\n<\/td><\/tr><tr><td>\n<p align=\"left\">Scleroderma<\/p>\n<\/td><td>\n<p align=\"left\">citrinum<\/p>\n<\/td><td>\n<p align=\"left\">voir http:\/\/www.mycodb.fr\/photos\/Scleroderma_citrinum_2006_jg_1.jpg<\/p>\n<\/td><\/tr><tr><td>\n<p align=\"left\">Sparassis<\/p>\n<\/td><td>\n<p align=\"left\">crispa<\/p>\n<\/td><td>\n<p align=\"left\">voir http:\/\/www.mycodb.fr\/photos\/Sparassis_crispa_2008_am_1.jpg<\/p>\n<\/td><\/tr><tr><td>\n<p align=\"left\">Spathularia<\/p>\n<\/td><td>\n<p align=\"left\">flavida<\/p>\n<\/td><td>\n<p align=\"left\">voir http:\/\/www.mycodb.fr\/photos\/Spathularia_flavida_2006_gm_1.jpg<\/p>\n<\/td><\/tr><tr><td>\n<p align=\"left\">Suillus<\/p>\n<\/td><td>\n<p align=\"left\">grevillei<\/p>\n<\/td><td>\n<p align=\"left\">voir http:\/\/www.mycodb.fr\/photos\/Suillus_grevillei_2005_jd_1.jpg<\/p>\n<\/td><\/tr><tr><td>\n<p align=\"left\">Suillus<\/p>\n<\/td><td>\n<p align=\"left\">luteus<\/p>\n<\/td><td>\n<p align=\"left\">voir http:\/\/www.mycodb.fr\/photos\/Suillus_luteus_2006_jd_1.jpg<\/p>\n<\/td><\/tr><tr><td>\n<p align=\"left\">Thelephora<\/p>\n<\/td><td>\n<p align=\"left\">terrestris<\/p>\n<\/td><td>\n<p align=\"left\">voir http:\/\/www.mycodb.fr\/photos\/Thelephora_terrestris_2006_jg_1.jpg<\/p>\n<\/td><\/tr><tr><td>\n<p align=\"left\">Tricholoma<\/p>\n<\/td><td>\n<p align=\"left\">album<\/p>\n<\/td><td>\n<p align=\"left\">voir http:\/\/www.mycodb.fr\/photos\/Tricholoma_album_1986_dg_1.jpg<\/p>\n<\/td><\/tr><tr><td>\n<p align=\"left\">Tricholoma<\/p>\n<\/td><td>\n<p align=\"left\">atrosquamosum<\/p>\n<\/td><td>\n<p align=\"left\">voir http:\/\/www.mycodb.fr\/photos\/Tricholoma_atrosquamosum_2005_mp_1.jpg<\/p>\n<\/td><\/tr><tr><td>\n<p align=\"left\">Tricholoma<\/p>\n<\/td><td>\n<p align=\"left\">bufonium<\/p>\n<\/td><td>\n<p align=\"left\">voir http:\/\/www.mycodb.fr\/photos\/Tricholoma_bufonium_2013_jg_1.jpg<\/p>\n<\/td><\/tr><tr><td>\n<p align=\"left\">Tricholoma<\/p>\n<\/td><td>\n<p align=\"left\">flavovirens (equestre)<\/p>\n<\/td><td>\n<p align=\"left\">voir http:\/\/www.mycodb.fr\/photos\/Tricholoma_flavovirens_2006_jd_1.jpg<\/p>\n<\/td><\/tr><tr><td>\n<p align=\"left\">Tricholoma<\/p>\n<\/td><td>\n<p align=\"left\">portentosum<\/p>\n<\/td><td>\n<p align=\"left\">voir http:\/\/www.mycodb.fr\/photos\/Tricholoma_portentosum_2006_jf_1.jpg<\/p>\n<\/td><\/tr><tr><td>\n<p align=\"left\">Tricholoma<\/p>\n<\/td><td>\n<p align=\"left\">pseudonictitans<\/p>\n<\/td><td>\n<p align=\"left\">voir http:\/\/www.mycodb.fr\/photos\/Tricholoma_pseudonictitans_2006_jf_1.jpg<\/p>\n<\/td><\/tr><tr><td>\n<p align=\"left\">Tricholoma<\/p>\n<\/td><td>\n<p align=\"left\">saponaceum<\/p>\n<\/td><td>\n<p align=\"left\">voir http:\/\/www.mycodb.fr\/photos\/Tricholoma_saponaceum_2007_av_1.jpg<\/p>\n<\/td><\/tr><tr><td>\n<p align=\"left\">Tricholoma<\/p>\n<\/td><td>\n<p align=\"left\">sciodes<\/p>\n<\/td><td>\n<p align=\"left\">voir http:\/\/www.mycodb.fr\/photos\/Tricholoma_sciodes_2006_jd_1.jpg<\/p>\n<\/td><\/tr><tr><td>\n<p align=\"left\">Tricholoma<\/p>\n<\/td><td>\n<p align=\"left\">sulphureum<\/p>\n<\/td><td>\n<p align=\"left\">voir http:\/\/www.mycodb.fr\/photos\/Tricholoma_sulphureum_2002_jpg_.jpg<\/p>\n<\/td><\/tr><tr><td>\n<p align=\"left\">Tricholoma<\/p>\n<\/td><td>\n<p align=\"left\">virgatum<\/p>\n<\/td><td>\n<p align=\"left\">voir http:\/\/www.mycodb.fr\/photos\/Tricholoma_virgatum_2008_jd_1.jpg<\/p>\n<\/td><\/tr><tr><td>\n<p align=\"left\">Tricholomopsis<\/p>\n<\/td><td>\n<p align=\"left\">decora<\/p>\n<\/td><td>\n<p align=\"left\">voir http:\/\/www.mycodb.fr\/photos\/Tricholomopsis_decora_2008_ed_1.jpg<\/p>\n<\/td><\/tr><tr><td>\n<p align=\"left\">Tricholomopsis<\/p>\n<\/td><td>\n<p align=\"left\">rutilans<\/p>\n<\/td><td>\n<p align=\"left\">voir http:\/\/www.mycodb.fr\/photos\/Tricholomopsis_rutilans_2008_jg_1.jpg<\/p>\n<\/td><\/tr><tr><td>\n<p align=\"left\">Xerocomus<\/p>\n<\/td><td>\n<p align=\"left\">badius<\/p>\n<\/td><td>\n<p align=\"left\">voir http:\/\/www.mycodb.fr\/photos\/Xerocomus_badius_2002_rp_1.jpg<\/p>\n<\/td><\/tr><tr><td>\n<p align=\"left\">Xerocomus<\/p>\n<\/td><td>\n<p align=\"left\">chrysenteron<\/p>\n<\/td><td>\n<p align=\"left\">voir http:\/\/www.mycodb.fr\/photos\/Xerocomus_chrysenteron_2002_rp_1.jpg<\/p>\n<\/td><\/tr><tr><td>\n<p align=\"left\">Xerocomus<\/p>\n<\/td><td>\n<p align=\"left\">porosporus<\/p>\n<\/td><td>\n<p align=\"left\">voir http:\/\/www.mycodb.fr\/photos\/Xerocomus_porosporus_2010_pl_1.jpg<\/p>\n<\/td><\/tr><\/tbody><\/table><\/figure>\n\n\n\n<p>&#8212;&#8212;&#8212;&#8212;&#8212;&#8212;&#8212;&#8212;&#8212;&#8212;&#8212;&#8212;&#8212;&#8212;&#8212;&#8212;&#8212;&#8212;&#8212;&#8212;&#8212;&#8212;&#8212;&#8212;&#8212;&#8212;&#8212;&#8212;<br><u>Les commentaires autour de la d\u00e9termination du&nbsp;lundi 29\/09\/2014<\/u><\/p>\n\n\n\n<p>Boletus aestivalis : pas de pb pour l&rsquo;identifier quand il est \u00e0 maturit\u00e9.<\/p>\n\n\n\n<p>voir :http:\/\/www.mycodb.fr\/photos\/Boletus_aestivalis_2007_ov_3.jpg<\/p>\n\n\n\n<p>Gymnopilus spectabilis :<\/p>\n\n\n\n<p>tr\u00e8s fibrilleux, c&rsquo;est le moins que l&rsquo;on puisse dire, sur souches de peupliers<\/p>\n\n\n\n<p>voir :http:\/\/www.mycodb.fr\/photos\/Gymnopilus_spectabilis_2009_am_1.jpg<\/p>\n\n\n\n<p>Sarcodon imbricatus&nbsp;; tr\u00e8s caract\u00e9ristique<\/p>\n\n\n\n<p>voir : http:\/\/www.mycodb.fr\/photos\/Sarcodon_imbricatum_2007_jd_1.jpg<\/p>\n\n\n\n<p>Albatrellus confluens : l\u00e0 il a fallu l&rsquo;intervention de Dani\u00e8le C.<\/p>\n\n\n\n<p>voir :http:\/\/www.mycodb.fr\/photos\/Scutiger_confluens_1981_gm_1.jpg<\/p>\n\n\n\n<p>&#8212;&#8212;&#8212;&#8212;&#8212;&#8212;&#8212;&#8212;&#8212;&#8212;&#8212;&#8212;&#8212;&#8212;&#8212;&#8212;&#8212;&#8212;&#8212;&#8212;&#8212;&#8212;&#8212;&#8212;&#8212;&#8212;&#8212;&#8212;&#8212;-<br><u>Les commentaires autour de la d\u00e9termination du&nbsp;lundi 19\/05\/2014<\/u><\/p>\n\n\n\n<p>Aujourd&rsquo;hui, un seul champi. Jeanne et Jo\u00ebl estiment, mais peut-\u00eatre \u00e0 tort, que c&rsquo;est <em>Pluteus cervinus <\/em>en raison de la couleur de la spor\u00e9e, du <span class='tooltipsall tooltipsincontent classtoolTips11'><span class='tooltipsall tooltipsincontent classtoolTips11'>stipe<\/span><\/span> fibreux, du fait qu&rsquo;il poussait sur bois, enfin de l'\u00a0\u00bballure\u00a0\u00bb et puis au micro la taille, la forme des spores viennent confirmer ce nom. On attend, avec anxi\u00e9t\u00e9 le verdict.<\/p>\n\n\n\n<p>&#8212;&#8212;&#8212;&#8212;&#8212;&#8212;&#8212;&#8212;&#8212;&#8212;&#8212;&#8212;&#8212;&#8212;&#8212;&#8212;&#8212;&#8212;&#8212;&#8212;&#8212;&#8212;&#8212;&#8212;&#8212;&#8212;&#8212;&#8212;&#8212;<br><u>Les commentaires autour de la d\u00e9termination du&nbsp;lundi 05\/05\/2014<\/u><\/p>\n\n\n\n<p>-Pluteus cervinus<\/p>\n\n\n\n<p>-Fomes fomentarius ou amadouvier.<\/p>\n\n\n\n<p>-Daldinia concentrica<\/p>\n\n\n\n<p>-Fomitopsis pinicola<\/p>\n\n\n\n<p>&#8212;&#8212;&#8212;&#8212;&#8212;&#8212;&#8212;&#8212;&#8212;&#8212;&#8212;&#8212;&#8212;&#8212;&#8212;&#8212;&#8212;&#8212;&#8212;&#8212;&#8212;&#8212;&#8212;&#8212;&#8212;&#8212;&#8212;&#8212;&#8212;<br><u>Les commentaires autour de la d\u00e9termination du lundi 28 Avril 2014<\/u><\/p>\n\n\n\n<p>\u00c0 cette saison , quelques&nbsp;champignons seulement \u00e0&nbsp;d\u00e9terminer :<\/p>\n\n\n\n<p>-Calocybe &nbsp;gambosa ou Tricholome de la Saint Georges, normal il pousse en Avril le plus souvent.<\/p>\n\n\n\n<p>-Agrocybe &nbsp;praecox , lui aussi printanier .<\/p>\n\n\n\n<p>-Excidia truncata , qui ressemble \u00e0 Auricularia-judae ( oreille de judas ) &nbsp;mais plus petite avec de tr\u00e8s petites verrues sur la face interne &nbsp;et elle est moins velout\u00e9e sur la face externe.<\/p>\n\n\n\n<p>-Piptoporus betulinus<\/p>\n\n\n\n<p>-Trametes&nbsp;&nbsp;gibbosa<\/p>\n\n\n\n<p>-Ganoderma adspersum &nbsp;et non pas G. applanatum ce dernier \u00e0 des spores plus petites.<\/p>\n\n\n\n<p>&#8212;&#8212;&#8212;&#8212;&#8212;&#8212;&#8212;&#8212;&#8212;&#8212;&#8212;&#8212;&#8212;&#8212;&#8212;&#8212;&#8212;&#8212;&#8212;&#8212;&#8212;&#8212;&#8212;&#8212;&#8212;&#8212;&#8212;&#8212;&#8211;<\/p>\n\n\n\n<p><u>Voici les commentaires autour de la d\u00e9termination du lundi 7 Avril 2014<\/u><\/p>\n\n\n\n<p>Deux champis pour ce lundi :<\/p>\n\n\n\n<p>1) Un de la famille des Pleurotaceae,<\/p>\n\n\n\n<p>Tout concourt pour lui donner le genre Lentinus et l&rsquo;esp\u00e8ce degener ( ou cyathiformis, ou de Schaeffer). Le seul b\u00e9mol r\u00e9side dans la longueur du grand axe des spores, 10,4 au lieu de 12\u00b5m; est-ce r\u00e9dhibitoire ?<br>DG n&rsquo;est pas s\u00fbr.<\/p>\n\n\n\n<p>2) Le Polypore.<\/p>\n\n\n\n<p>Nous \u00e9tions partis vers <em>brumalis<\/em>. DG ne semble pas ent\u00e9riner.<\/p>\n\n\n\n<p>Dur, dur !<br>\u2013&#8212;&#8212;&#8212;&#8212;&#8212;&#8212;&#8212;&#8212;&#8212;&#8212;&#8212;&#8212;&#8212;&#8212;&#8212;&#8212;&#8212;&#8212;&#8212;&#8212;&#8212;&#8212;&#8212;&#8212;&#8212;&#8212;&#8212;&#8212;&#8212;<br><u>Commentaires sur la d\u00e9termination du lundi 04 Novembre 2013<\/u><\/p>\n\n\n\n<p>\u2013 Lepista nebularis (autrefois Clitocybe -) : oui. Celui-ci ne nous a pas demand\u00e9 beaucoup d&rsquo;attention, c&rsquo;est le m\u00e9tier qui rentre !<\/p>\n\n\n\n<p>Voir : http:\/\/www.mycobel.be\/photomyco\/clitocybe_nebularis_(yd)_1.jpg<\/p>\n\n\n\n<p>Mais gare \u00e0 la suite !<\/p>\n\n\n\n<p>\u2013 Le tricholome (\u00e7a, le genre on n&rsquo;\u00e9tait presque certain, quoique \u00eatre certain en mycologie\u2026). Pour l&rsquo;esp\u00e8ce des noms ont \u00e9t\u00e9 avanc\u00e9s : squarrulosum (non car le <span class='tooltipsall tooltipsincontent classtoolTips11'><span class='tooltipsall tooltipsincontent classtoolTips11'>stipe<\/span><\/span> n&rsquo;\u00e9tait pas squamuleux). On avait \u00e9limin\u00e9 scalpturatum car M.Bon parle d&rsquo;une odeur fortement farineuse, ce qui n&rsquo;\u00e9tait pas le cas. On avait bien remarqu\u00e9 les lames au caract\u00e8re \u00ab\u00a0d\u00e9current par une dent\u00a0\u00bb. D.Gendre a dit :\u00a0\u00bbC&rsquo;est T. scalpturatum !\u00a0\u00bb<\/p>\n\n\n\n<p>Voir : http:\/\/www.mycobel.be\/photomyco\/tricholoma_scalpturatum_(yd)_3.jpg<\/p>\n\n\n\n<p>-Le dernier c&rsquo;\u00e9tait un Agaricus ; tout de m\u00eame essayons d&rsquo;aller plus loin \u2026<\/p>\n\n\n\n<p>On gratte le pied : c&rsquo;est jaune, on gratte le bord du chapeau, rien. Pas d&rsquo;odeur. Un anneau qui ressemblait, \u00e0 s&rsquo;y m\u00e9prendre, \u00e0 une roue dent\u00e9e. On compulse, on vote : on dit arvensis (c&rsquo;est limite en taille de chapeau !)<\/p>\n\n\n\n<p>Le soir D. Gendre frotte l\u00e9g\u00e8rement le bord du chapeau qui\u2026\u2026\u2026\u2026\u2026\u2026\u2026\u2026\u2026\u2026..jaunit !<\/p>\n\n\n\n<p>La sentence tombe : xanthoderma<\/p>\n\n\n\n<p>Nous ne montrerons pas de photo, puisque tout le monde le connait !!!!<\/p>\n\n\n\n<p>&#8212;&#8212;&#8212;&#8212;&#8212;&#8212;&#8212;&#8212;&#8212;&#8212;&#8212;&#8212;&#8212;&#8212;&#8212;&#8212;&#8212;&#8212;&#8212;&#8212;&#8212;&#8212;&#8212;&#8212;&#8212;&#8212;&#8212;&#8212;&#8212;&#8212;&#8212;&#8212;&#8212;&#8211;<\/p>\n\n\n\n<p><u>Commentaires sur la d\u00e9termination du lundi 28 Octobre 2013<\/u><\/p>\n\n\n\n<p>\u2013Helvella crispa &nbsp; &nbsp;: &nbsp;oui<br>Voir&nbsp;: http:\/\/www.mycodb.fr\/photos\/Helvella_crispa_2005_dr_1.jpg<\/p>\n\n\n\n<p>\u2013Leptopodia elastica ( une autre esp\u00e8ce d&rsquo;Helvelle ) : oui<br>Voir&nbsp;: http:\/\/www.mycodb.fr\/photos\/Helvella_elastica_2001_dr_1.jpg<\/p>\n\n\n\n<p>\u2013Lycoperdon perlatum : oui<br>Voir&nbsp;: http:\/\/www.mycodb.fr\/photos\/Lycoperdon_perlatum_2006_rp_1.jpg<\/p>\n\n\n\n<p>\u2013Morganella piriforme &nbsp;(c&rsquo;est la nouvelle appellation de Lycoperdon piriforme ) :oui<br>Voir&nbsp;: http:\/\/www.mycodb.fr\/photos\/Morganella_piriformis_2010_vb_1.jpg<\/p>\n\n\n\n<p>\u2013Cortinarius violaceus : &nbsp;oui<br>Voir&nbsp;: http:\/\/www.mycodb.fr\/photos\/Cortinarius_violaceus_2006_jg_1.jpg<\/p>\n\n\n\n<p>\u2013Russula nigricans : oui<br>Voir&nbsp;: http:\/\/www.mycodb.fr\/photos\/<span class='tooltipsall tooltipsincontent classtoolTips9'>Russula<\/span>_nigricans_2006_rp_1.jpg<\/p>\n\n\n\n<p>\u2013Mycena rosea :oui<br>Voir&nbsp;: http:\/\/www.mycodb.fr\/photos\/Mycena_rosea_2006_jg_1.jpg<\/p>\n\n\n\n<p>\u2013Lactarius blennius : oui<br>Voir&nbsp;: http:\/\/www.mycodb.fr\/photos\/Lactarius_blennius_1999_dr_1.jpg<\/p>\n\n\n\n<p>\u2013Leotia lubrica :&nbsp;oui<br>Voir&nbsp;: http:\/\/www.mycodb.fr\/photos\/Leotia_lubrica_2006_rp_1.jpg<\/p>\n\n\n\n<p>\u2013Clitocybe nebularis : oui<br>Voir&nbsp;: http:\/\/www.mycodb.fr\/photos\/Clitocybe_nebularis_2012_cf_1.jpg<\/p>\n\n\n\n<p>\u2013Pseudoclitocybe cyathiformis: oui<br>Voir&nbsp;: http:\/\/www.mycodb.fr\/photos\/Pseudoclitocybe_cyathiformis_2011_em_1.jpg<\/p>\n\n\n\n<p>\u2013Hypholoma lateritium &nbsp;:&nbsp;Apr\u00e8s des h\u00e9sitations , amer ou doux , sulblateritium ou capno\u00efdes ,<\/p>\n\n\n\n<p>\u00e0 3 voix contre une &nbsp;c&rsquo;est sulblateritium qui l&rsquo;a emport\u00e9.<br>Voir&nbsp;: http:\/\/www.mycodb.fr\/photos\/Hypholoma_lateritium_2007_av_1.jpg<\/p>\n\n\n\n<p>\u2013Macrolepiota excoriata &nbsp;devient Macrolepiota gracilenta ( car son <span class='tooltipsall tooltipsincontent classtoolTips11'><span class='tooltipsall tooltipsincontent classtoolTips11'>stipe<\/span><\/span> est tr\u00e8s gracile )<br>Voir : http:\/\/www.mycodb.fr\/photos\/Macrolepiota_excoriata_2011_dr_1.jpg<\/p>\n\n\n\n<p>\u2013Scleroderme citrinum : oui<br>Voir&nbsp;: http:\/\/www.mycodb.fr\/photos\/Scleroderma_citrinum_2006_jg_1.jpg<\/p>\n\n\n\n<p>\u2013Rhizopogon roseolus &nbsp;devient aussi Sleroderme citrinum ( un peu avanc\u00e9 en \u00e2ge&nbsp;&nbsp;&nbsp;)<br>Voir&nbsp;: http:\/\/www.mycodb.fr\/photos\/Rhizopogon_roseolus_1978_hj_1.jpg<\/p>\n\n\n\n<p>\u2013Hygrocybe chlorophana est pr\u00e9cis\u00e9 : Hygrocybe &nbsp;chlorophana vari\u00e9t\u00e9 aurantiaca<br>Voir&nbsp;: http:\/\/www.mycodb.fr\/photos\/Hygrocybe_chlorophana_2010_dr_1.jpg<\/p>\n\n\n\n<p>\u2013L&rsquo;Amanite avec le chapeau assez blanch\u00e2tre \u00e9tait une excelsa<br>Voir&nbsp;: http:\/\/www.mycodb.fr\/photos\/Amanita_excelsa_2010_td_1.jpg<\/p>\n\n\n\n<p>-le champignon fauve qui n&rsquo;avait pas de lait \u00e9tait bien un&nbsp;Lactaire rufus mais trop sec pour couler.<br>Voir&nbsp;: http:\/\/www.mycodb.fr\/photos\/Lactarius_rufus_2006_av_1.jpg<\/p>\n\n\n\n<p>Le moins que l&rsquo;on puisse dire c&rsquo;est que l&rsquo;\u00e9quipe du lundi matin , cette fois-ci, a \u00e9t\u00e9 particuli\u00e8rement performante.<\/p>\n\n\n\n<p>&#8212;&#8212;&#8212;&#8212;&#8212;&#8212;&#8212;&#8212;&#8212;&#8212;&#8212;&#8212;&#8212;&#8212;&#8212;&#8212;&#8212;&#8212;&#8212;&#8212;&#8212;&#8212;&#8212;&#8212;&#8212;&#8212;&#8212;&#8212;&#8212;&#8212;-<br><u>Voici les commentaires de la&nbsp; d\u00e9termination du lundi 21 Octobre 2013<\/u><\/p>\n\n\n\n<p>Lenzites betulinus&nbsp;: oui<br>voir : <a href=\"http:\/\/www.mycodb.fr\/photos\/Lenzites_betulinus_2008_jd_1.jpg\" target=\"_blank\" rel=\"noopener\" data-cke-saved-href=\"http:\/\/www.mycodb.fr\/photos\/Lenzites_betulinus_2008_jd_1.jpg\">http:\/\/www.mycodb.fr\/photos\/Lenzites_betulinus_2008_jd_1.jpg<\/a><\/p>\n\n\n\n<p>A. vaginata&nbsp;(marge stri\u00e9e, volve engainante) : oui<br>voir : <a href=\"http:\/\/www.mycodb.fr\/photos\/Amanita_vaginata_2009_gg_1.jpg\" target=\"_blank\" rel=\"noopener\" data-cke-saved-href=\"http:\/\/www.mycodb.fr\/photos\/Amanita_vaginata_2009_gg_1.jpg\">http:\/\/www.mycodb.fr\/photos\/Amanita_vaginata_2009_gg_1.jpg<\/a><\/p>\n\n\n\n<p>Lyophyllum&nbsp;?&nbsp;: D.G. A dit non. Apr\u00e8s un examen au micro il propose&nbsp;:Lepista luscina<br>voir :<\/p>\n\n\n\n<p>Collybia&nbsp;?&nbsp;(pied pelucheux) : D.G&nbsp;. a dit non. Apr\u00e8s un examen au micro il propose&nbsp;: Lepiota clypeolaria<br>voir :<\/p>\n\n\n\n<p>Lactarius pyrogalus (saveur br\u00fblante, sous noisetiers)&nbsp;: oui<br>voir : <a href=\"http:\/\/www.mycobel.be\/photomyco\/lactarius_pyrogalus_%28yd%29_6609.jpg\" target=\"_blank\" rel=\"noopener\" data-cke-saved-href=\"http:\/\/www.mycobel.be\/photomyco\/lactarius_pyrogalus_%28yd%29_6609.jpg\">http:\/\/www.mycobel.be\/photomyco\/lactarius_pyrogalus_(yd)_6609.jpg<\/a><\/p>\n\n\n\n<p><span class='tooltipsall tooltipsincontent classtoolTips9'>Russula<\/span> heterophyllae (cuticule pel\u00e9e au 1\/3, saveur douce, lames cassantes, Fe donne rose orang\u00e9 sur le pied, spores sph\u00e9riques avec ornements)&nbsp;: D.G. Dit non, il pense \u00e0 grisea. Voir jeudi 24\/10 au micro.<\/p>\n\n\n\n<p>Affaire \u00e0 suivre, donc.<br>Les autres champignons \u00e9taient effectivement des cortinaires, mais comme vous le savez, avec les cortinaires\u2026<\/p>\n\n\n\n<p>&#8212;&#8212;&#8212;&#8212;&#8212;&#8212;&#8212;&#8212;&#8212;&#8212;&#8212;&#8212;&#8212;&#8212;&#8212;&#8212;&#8212;&#8212;&#8212;&#8212;&#8212;&#8212;&#8212;&#8212;&#8212;&#8212;&#8212;&#8212;&#8212;-<br><u>Voici les commentaires des d\u00e9terminations du lundi 7 Oct2013<\/u><\/p>\n\n\n\n<p>R.ochroleuca : non, plut\u00f4t fellea d&rsquo;apr\u00e8s D.G.<\/p>\n\n\n\n<p>pourtant nous n&rsquo;avions pas d\u00e9cel\u00e9 d&rsquo;odeur de compote de pommes. Par ailleurs le jaune du chapeau n&rsquo;\u00e9tait pas suffisamment vif pour \u00eatre R.o. La marge est cannel\u00e9e par ailleurs. Il aurait fallu&nbsp; passer \u00e0 la potasse.<\/p>\n\n\n\n<p>voir : <a href=\"http:\/\/www.mycodb.fr\/photos\/Russula_ochroleuca_2010_td_1.jpg\" target=\"_blank\" rel=\"noopener\" data-cke-saved-href=\"http:\/\/www.mycodb.fr\/photos\/Russula_ochroleuca_2010_td_1.jpg\">http:\/\/www.mycodb.fr\/photos\/<span class='tooltipsall tooltipsincontent classtoolTips9'>Russula<\/span>_ochroleuca_2010_td_1.jpg<\/a><\/p>\n\n\n\n<p>R. badia : oui. Elle \u00ab\u00a0pique\u00a0\u00bb la langue quasi instantan\u00e9ment<\/p>\n\n\n\n<p>voir : <a href=\"http:\/\/www.mycodb.fr\/photos\/Russula_badia_2010_td_2.jpg\" target=\"_blank\" rel=\"noopener\" data-cke-saved-href=\"http:\/\/www.mycodb.fr\/photos\/Russula_badia_2010_td_2.jpg\">http:\/\/www.mycodb.fr\/photos\/<span class='tooltipsall tooltipsincontent classtoolTips9'>Russula<\/span>_badia_2010_td_2.jpg<\/a><\/p>\n\n\n\n<p>T. saponaceum : oui.<\/p>\n\n\n\n<p>voir : <a href=\"http:\/\/www.mycodb.fr\/photos\/Tricholoma_saponaceum_2007_rp_1.jpg\" target=\"_blank\" rel=\"noopener\" data-cke-saved-href=\"http:\/\/www.mycodb.fr\/photos\/Tricholoma_saponaceum_2007_rp_1.jpg\">http:\/\/www.mycodb.fr\/photos\/Tricholoma_saponaceum_2007_rp_1.jpg<\/a><\/p>\n\n\n\n<p>Cortinarius. sanguineus : oui, tout est rouge chez lui !<\/p>\n\n\n\n<p>voir : <a href=\"http:\/\/www.mycodb.fr\/photos\/Cortinarius_sanguineus_2007_jd_1.jpg\" target=\"_blank\" rel=\"noopener\" data-cke-saved-href=\"http:\/\/www.mycodb.fr\/photos\/Cortinarius_sanguineus_2007_jd_1.jpg\">http:\/\/www.mycodb.fr\/photos\/Cortinarius_sanguineus_2007_jd_1.jpg<\/a><\/p>\n\n\n\n<p>Cortinarius semi-sanguineus : oui<\/p>\n\n\n\n<p>voir : <a href=\"http:\/\/www.mycodb.fr\/photos\/Cortinarius_semisanguineus_2010_rp_1.jpg\" target=\"_blank\" rel=\"noopener\" data-cke-saved-href=\"http:\/\/www.mycodb.fr\/photos\/Cortinarius_semisanguineus_2010_rp_1.jpg\">http:\/\/www.mycodb.fr\/photos\/Cortinarius_semisanguineus_2010_rp_1.jpg<\/a><\/p>\n\n\n\n<p>A. citrina : oui<\/p>\n\n\n\n<p>voir : <a href=\"http:\/\/www.mycodb.fr\/photos\/Amanita_citrina_2010_td_1.jpg\" target=\"_blank\" rel=\"noopener\" data-cke-saved-href=\"http:\/\/www.mycodb.fr\/photos\/Amanita_citrina_2010_td_1.jpg\">http:\/\/www.mycodb.fr\/photos\/Amanita_citrina_2010_td_1.jpg<\/a><\/p>\n\n\n\n<p>A. excelsa : oui, l&rsquo;anneau est en jupe, stri\u00e9 jusqu&rsquo;\u00e0 l&rsquo;insertion sur le <span class='tooltipsall tooltipsincontent classtoolTips11'><span class='tooltipsall tooltipsincontent classtoolTips11'>stipe<\/span><\/span><br>voir :<a href=\"http:\/\/www.mycodb.fr\/photos\/Amanita_excelsa_2011_gg_1.jpg\" data-cke-saved-href=\"http:\/\/www.mycodb.fr\/photos\/Amanita_excelsa_2011_gg_1.jpg\">http:\/\/www.mycodb.fr\/photos\/Amanita_excelsa_2011_gg_1.jpg<\/a><br>Clitocybe clavipes : oui d&rsquo;apr\u00e8s J.M., D.G. \u00e9tait sceptique car chapeau trop blanc. Le centre du chapeau, sous la pression du doigt, s&rsquo;enfonce comme de la mousse \u00e9lastique<br>voir : <a href=\"http:\/\/www.mycobel.be\/photomyco\/clitocybe_clavipes_%28yd%29_1.jpg.\" target=\"_blank\" rel=\"noopener\" data-cke-saved-href=\"http:\/\/www.mycobel.be\/photomyco\/clitocybe_clavipes_%28yd%29_1.jpg.\">http:\/\/www.mycobel.be\/photomyco\/clitocybe_clavipes_(yd)_1.jpg.<\/a><\/p>\n\n\n\n<p>Stropharia aeruginosa : oui,<br>voir :<a href=\"http:\/\/www.mycobel.be\/photomyco\/stropharia_aeruginosa_%28yd%29_1.jpg\" target=\"_blank\" rel=\"noopener\" data-cke-saved-href=\"http:\/\/www.mycobel.be\/photomyco\/stropharia_aeruginosa_%28yd%29_1.jpg\">http:\/\/www.mycobel.be\/photomyco\/stropharia_aeruginosa_(yd)_1.jpg<\/a><\/p>\n\n\n\n<p>Clavunila cristata : oui<br>voir : <a href=\"http:\/\/www.mycobel.be\/photomyco\/clavulina_cristata_%28yd%29_1.jpg\" target=\"_blank\" rel=\"noopener\" data-cke-saved-href=\"http:\/\/www.mycobel.be\/photomyco\/clavulina_cristata_%28yd%29_1.jpg\">http:\/\/www.mycobel.be\/photomyco\/clavulina_cristata_(yd)_1.jpg<\/a><\/p>\n\n\n\n<p>T. pseudonictitans : bonne approche selon J.M.mais inexact<\/p>\n\n\n\n<p>&#8212;&#8212;&#8212;&#8212;&#8212;&#8212;&#8212;&#8212;&#8212;&#8212;&#8212;&#8212;&#8212;&#8212;&#8212;&#8212;&#8212;&#8212;&#8212;&#8212;&#8212;&#8212;&#8212;&#8212;&#8212;&#8212;&#8212;&#8212;&#8212;&#8212;&#8212;-<br><u>Voici les commentaires autour de la d\u00e9termination du lundi 30 septembre 2013<\/u><\/p>\n\n\n\n<p>Le champignon pr\u00e9sent\u00e9 dans un \u00e9tat plut\u00f4t lamentable dont on nous avait dit qu&rsquo;il \u00e9tait d&rsquo;un beau jaune la veille de la r\u00e9colte et que nous avons tent\u00e9 de d\u00e9terminer sous le nom de Laetiporus sulfureus m&rsquo;a valu une vol\u00e9e de bois vert le soir du lundi ! Il s&rsquo;agissait de Abordiporus biennis.<\/p>\n\n\n\n<p>voir :<a href=\"http:\/\/www.smsgl.fr\/wp\/%20http:\/\/www.mycobel.be\/photomyco\/abortiporus_biennis_%28yd%29_7852.jpg\" target=\"_blank\" rel=\"noopener\" data-cke-saved-href=\"http:\/\/www.smsgl.fr\/wp\/%20http:\/\/www.mycobel.be\/photomyco\/abortiporus_biennis_%28yd%29_7852.jpg\"> http:\/\/www.mycobel.be\/photomyco\/abortiporus_biennis_(yd)_7852.jpg<\/a><\/p>\n\n\n\n<p>Collybia fusipes (spor\u00e9e blanche, L. \u00e9chancr\u00e9es, <span class='tooltipsall tooltipsincontent classtoolTips11'><span class='tooltipsall tooltipsincontent classtoolTips11'>stipe<\/span><\/span> fusiforme, en touffe) : OK<\/p>\n\n\n\n<p>voir : <a href=\"http:\/\/www.mycobel.be\/photomyco\/collybia_fusipes_%28yd%29_2.jpg\" target=\"_blank\" rel=\"noopener\" data-cke-saved-href=\"http:\/\/www.mycobel.be\/photomyco\/collybia_fusipes_%28yd%29_2.jpg\">http:\/\/www.mycobel.be\/photomyco\/collybia_fusipes_(yd)_2.jpg<\/a><\/p>\n\n\n\n<p>Meripulus giganteus (souche feuillus, Diam\u00e8tre 50cm) :OK<\/p>\n\n\n\n<p>voir : <a href=\"http:\/\/www.mycobel.be\/photomyco\/meripilus_giganteus_%28yd%29_2.jpg\" target=\"_blank\" rel=\"noopener\" data-cke-saved-href=\"http:\/\/www.mycobel.be\/photomyco\/meripilus_giganteus_%28yd%29_2.jpg\">http:\/\/www.mycobel.be\/photomyco\/meripilus_giganteus_(yd)_2.jpg<\/a><\/p>\n\n\n\n<p>Lactarius circellatus&nbsp; (lait blanc, peu abondant, L. serr\u00e9es, chapeau z\u00f4n\u00e9), sous ch\u00eane ou charme): OK<\/p>\n\n\n\n<p>voir : <a href=\"http:\/\/www.mycodb.fr\/photos\/Lactarius_circellatus_2003_dr_1.jpg\" target=\"_blank\" rel=\"noopener\" data-cke-saved-href=\"http:\/\/www.mycodb.fr\/photos\/Lactarius_circellatus_2003_dr_1.jpg\">http:\/\/www.mycodb.fr\/photos\/Lactarius_circellatus_2003_dr_1.jpg<\/a><\/p>\n\n\n\n<p>Xerocomus rubellus (<span class='tooltipsall tooltipsincontent classtoolTips11'><span class='tooltipsall tooltipsincontent classtoolTips11'>stipe<\/span><\/span> framboise, jaune \u00e0 la base du <span class='tooltipsall tooltipsincontent classtoolTips11'><span class='tooltipsall tooltipsincontent classtoolTips11'>stipe<\/span><\/span>) : OK<\/p>\n\n\n\n<p>Voir : <a href=\"http:\/\/www.mycodb.fr\/photos\/Xerocomus_rubellus_2002_rp_1.jpg\" target=\"_blank\" rel=\"noopener\" data-cke-saved-href=\"http:\/\/www.mycodb.fr\/photos\/Xerocomus_rubellus_2002_rp_1.jpg\">http:\/\/www.mycodb.fr\/photos\/Xerocomus_rubellus_2002_rp_1.jpg<\/a><\/p>\n\n\n\n<p>Trametes hirsuta (le dessus est couvert de poils, fa\u00e7on velours) : OK<\/p>\n\n\n\n<p>voir : <a href=\"http:\/\/www.mycodb.fr\/photos\/Trametes_hirsuta_2008_jd_1.jpg\" target=\"_blank\" rel=\"noopener\" data-cke-saved-href=\"http:\/\/www.mycodb.fr\/photos\/Trametes_hirsuta_2008_jd_1.jpg\">http:\/\/www.mycodb.fr\/photos\/Trametes_hirsuta_2008_jd_1.jpg<\/a><\/p>\n\n\n\n<p>Leccinum duriusculum ( sous peuplier, \u00e0 la coupe <span class='tooltipsall tooltipsincontent classtoolTips11'><span class='tooltipsall tooltipsincontent classtoolTips11'>stipe<\/span><\/span> bleu\/vert \u00e0 la base) : OK<\/p>\n\n\n\n<p>voir : <a href=\"http:\/\/www.mycodb.fr\/photos\/Leccinum_duriusculum_2001_gp_1.jpg\" target=\"_blank\" rel=\"noopener\" data-cke-saved-href=\"http:\/\/www.mycodb.fr\/photos\/Leccinum_duriusculum_2001_gp_1.jpg\">http:\/\/www.mycodb.fr\/photos\/Leccinum_duriusculum_2001_gp_1.jpg<\/a><\/p>\n\n\n\n<p>Le champignon tr\u00e8s jeune (4cm de haut) dont on a dit qu&rsquo;il \u00e9tait peut-\u00eatre une A. rubescens car il avait des squames sur le chapeau et des tons \u00ab\u00a0vinasse\u00a0\u00bb ne nous a pas \u00e9t\u00e9 d\u00e9termin\u00e9.<\/p>\n\n\n\n<p>Ceux qui \u00e9taient des \u00ab\u00a0cro\u00fbtes\u00a0\u00bb n&rsquo;ont pas \u00e9t\u00e9 d\u00e9termin\u00e9s.<\/p>\n\n\n\n<p>Sans faire de l&rsquo;auto-satisfaction, ce lundi a \u00e9t\u00e9 de bonne qualit\u00e9.<\/p>\n\n\n\n<p>Je compl\u00e8te, il y avait des Corticiales et des Polyporales (le nom de cro\u00fbte ne peut \u00eatre employ\u00e9 que par plaisanterie).<\/p>\n\n\n\n<p>Il s&rsquo;agissait de Stereum hirsutum,<\/p>\n\n\n\n<p>Trametes hirsuta<br><span class='tooltipsall tooltipsincontent classtoolTips0'>daedaleopsis confragosa<\/span>,<\/p>\n\n\n\n<p>Abortiporus biennis est dans les Polyporales et ce n&rsquo;est pas une cro\u00fbte<\/p>\n\n\n\n<p>Dani\u00e8le<\/p>\n\n\n\n<p>&#8212;&#8212;&#8212;&#8212;&#8212;&#8212;&#8212;&#8212;&#8212;&#8212;&#8212;&#8212;&#8212;&#8212;&#8212;&#8212;&#8212;&#8212;&#8212;&#8212;&#8212;&#8212;&#8212;&#8212;&#8212;&#8212;&#8212;&#8212;&#8212;-<br><u>Voici les commentaires de la d\u00e9termination du lundi 1 Juillet 2013<\/u><\/p>\n\n\n\n<p>Devant le manque de coop\u00e9ration de Dame Nature, l&rsquo;\u00e9quipe du lundi a jet\u00e9 les fonges, pardon ! a jet\u00e9 l&rsquo;\u00e9ponge !<\/p>\n\n\n\n<p>&#8212;&#8212;&#8212;&#8212;&#8212;&#8212;&#8212;&#8212;&#8212;&#8212;&#8212;&#8212;&#8212;&#8212;&#8212;&#8212;&#8212;&#8212;&#8212;&#8212;&#8212;&#8212;&#8212;&#8212;&#8212;&#8212;&#8212;&#8212;&#8212;&#8212;&#8212;-<\/p>\n\n\n\n<p><u>Voici les commentaires des d\u00e9terminations des lundi 17 et 24 Juin2013<\/u><\/p>\n\n\n\n<p>r\u00e9coltes m\u00e9diocres : rubescens et junquillea en phase juv\u00e9nile, un bolet tr\u00e8s jeune ; des champignons trop jeunes pour qu&rsquo;une observation microscopique donne des r\u00e9sultats satisfaisants.<\/p>\n\n\n\n<p>&#8212;&#8212;&#8212;&#8212;&#8212;&#8212;&#8212;&#8212;&#8212;&#8212;&#8212;&#8212;&#8212;&#8212;&#8212;&#8212;&#8212;&#8212;&#8212;&#8212;&#8212;&#8212;&#8212;&#8212;&#8212;&#8212;&#8212;&#8212;&#8212;&#8212;&#8212;-<\/p>\n\n\n\n<p><u>Voici les commentaires de la d\u00e9termination du lundi 10 Juin2013<\/u><\/p>\n\n\n\n<p>La r\u00e9colte \u00e9tant tr\u00e8s maigre , 2 champignons seulement ont \u00e9t\u00e9 d\u00e9termin\u00e9s<\/p>\n\n\n\n<p>\u2013 Amanita junquillea , &nbsp;c&rsquo;est bon , mais c&rsquo;est bien parce que la chair \u00e9tait jaune sous la cuticule , sinon Dani\u00e8le C.&nbsp; penchait plut\u00f4t pour citrine .<\/p>\n\n\n\n<p>\u2013 Le plus grand polypore ( blanc ) &nbsp;: Trametes gibbosa .<\/p>\n\n\n\n<p>&#8212;&#8212;&#8212;&#8212;&#8212;&#8212;&#8212;&#8212;&#8212;&#8212;&#8212;&#8212;&#8212;&#8212;&#8212;&#8212;&#8212;&#8212;&#8212;&#8212;&#8212;&#8212;&#8212;&#8212;&#8212;&#8212;&#8212;&#8212;&#8212;&#8212;&#8212;-<\/p>\n\n\n\n<p><u>Voici les commentaires de la d\u00e9termination du lundi 03Juin2013<\/u><\/p>\n\n\n\n<ol><li>Le champi qui nous a occup\u00e9 presque toute la matin\u00e9e, celui dont la spor\u00e9e \u00e9tait marron clair, caf\u00e9 au lait, chocolat au lait, enfin genre bistre, beige fonc\u00e9 (mais cela ne se dit plus). Le champi de diam\u00e8tre 10cm, aux lames ros\u00e9es, dont le pied a \u00e9t\u00e9 d\u00e9tach\u00e9 par Jeanne, sans que le chapeau souffr\u00eet exag\u00e9r\u00e9ment, le champi qui nous a orient\u00e9 successivement vers Entolome, puis H\u00e9b\u00e9lome, puis Inocybe, choix rejet\u00e9s car incompatibles avec soit la forme des spores, ou autre argument. Nous avions bien pens\u00e9 \u00e0 Plut\u00e9e, oui mais les spores n&rsquo;\u00e9taient pas roses.<br>Et bien si&nbsp;! C&rsquo;\u00e9tait Pluteus cervinus.<br>Voir <a href=\"http:\/\/www.mycodb.fr\/photos\/Pluteus_cervinus_2007_am_1.jpg\" target=\"_blank\" rel=\"noopener\" data-cke-saved-href=\"http:\/\/www.mycodb.fr\/photos\/Pluteus_cervinus_2007_am_1.jpg\">http:\/\/www.mycodb.fr\/photos\/<\/a><br>On n&rsquo;aurait pas d\u00fb se focaliser trop sur la couleur et mettre un peu d&rsquo;eau dans notre marron clair et voir la vie en \u2026\u2026..rose&nbsp;; et surtout ne pas se contenter de regarder les spores dans le blanc du noyau et observer les cystides crochus&nbsp;! Mais l\u00e0 il fallait le savoir ! Merci Dani\u00e8le.<\/li><li>Collybia dryophila<br>Voir <a href=\"http:\/\/www.mycodb.fr\/photos\/Collybia_extuberans_2007_rp_1.jpg\" target=\"_blank\" rel=\"noopener\" data-cke-saved-href=\"http:\/\/www.mycodb.fr\/photos\/Collybia_extuberans_2007_rp_1.jpg\">http:\/\/www.mycodb.fr\/photos\/<br>La caract\u00e9ristique&nbsp;: hyphes ramifi\u00e9s dans pr\u00e9l\u00e8vement sur la cuticule scalp\u00e9e.<\/a><\/li><li>Calocybe gambosa&nbsp;: bingo<\/li><\/ol>\n\n\n\n<p>&#8212;&#8212;&#8212;&#8212;&#8212;&#8212;&#8212;&#8212;&#8212;&#8212;&#8212;&#8212;&#8212;&#8212;&#8212;&#8212;&#8212;&#8212;&#8212;&#8212;&#8212;&#8212;&#8212;&#8212;&#8212;&#8212;&#8212;&#8212;&#8212;&#8212;&#8212;-<\/p>\n\n\n\n<p><u>Voici les commentaires autour de la d\u00e9termination du lundi 27 Mai2013<\/u><\/p>\n\n\n\n<ol><li>Agaricus silvicola propos\u00e9. Agaricus xanthoderma d\u00e9termin\u00e9.<br>Nous avions vu le jaunissement sur le pied, assez faible \u00e0 la pression ainsi que sur le chapeau. A la coupe le jaunissement \u00e9tait plus prononc\u00e9. Jean-Marie a dit que la forme trap\u00e9zo\u00efdale du chapeau n&rsquo;\u00e9tait pas un crit\u00e8re tr\u00e8s n\u00e9cessaire. Le jaunissement \u00e0 la coupe du pied, en revanche \u00e9tait d\u00e9terminante.<\/li><li>Marasmius rotula&nbsp;: bingo&nbsp;!<\/li><li>Agrocybe&nbsp;??????????. nous avions une spor\u00e9e brune, les spores \u00e9taient ellipso\u00efdales. Jean-Marie a dit&nbsp;: praecox.<\/li><li>Schizophyllum commune&nbsp;: bingo&nbsp;!<br>JM a dit&nbsp;: pr\u00e9sent sur tous les continents, toxique \u00e0 la respiration, car d\u00e9veloppement dans les voies respiratoires. Si on d\u00e9chire le chapeau radialement, la d\u00e9chirure va automatiquement partager la lame.<\/li><li>Hypholoma capno\u00efdes propos\u00e9, mais fasciculare d\u00e9termin\u00e9&nbsp;: en effet il aurait fallu go\u00fbter&nbsp;! Capno\u00efdes est doux alors que le n\u00f4tre \u00e9tait amer&nbsp;; par ailleurs les lames sont davantage oliv\u00e2tres chez fasciculare.<\/li><\/ol>\n\n\n\n<p>Le champi de Robert r\u00e9colt\u00e9 sur place \u00e0 feu. Petit, 4cm de haut, diam\u00e8tre de 4cm, forme entonnoir voisine d&rsquo;une chanterelle, int\u00e9rieur noir, ext\u00e9rieur blanc. Spor\u00e9e blanche, spores lisses 10\u00d75\u00b5m, lames <span class='tooltipsall tooltipsincontent classtoolTips5'>d\u00e9currentes<\/span>. Vous voyez&nbsp;? Je suis s\u00fbr que vous allez dire, comme nous, Pseudoclytocibe cyathiformis&nbsp;!<br>Et bien non&nbsp;! C&rsquo;est\u2026\u2026\u2026\u2026.Faerberia carbonaria. Bon d&rsquo;accord, Dani\u00e8le C. s&rsquo;est aid\u00e9e du micro pour nous donner la r\u00e9ponse.<\/p>\n<p>Views: 735<\/p><script type=\"text\/javascript\"> toolTips('.classtoolTips0','<img class=\"mw-mmv-final-image jpg mw-mmv-dialog-is-open\" src=\"https:\/\/upload.wikimedia.org\/wikipedia\/commons\/thumb\/c\/c0\/R%C3%B6tende_Bl%C3%A4tterwirrling_Daedaleopsis_confragosa.JPG\/800px-R%C3%B6tende_Bl%C3%A4tterwirrling_Daedaleopsis_confragosa.JPG\" alt=\"R\u00f6tende Bl\u00e4tterwirrling Daedaleopsis confragosa.JPG\" width=\"408\" height=\"612\" crossorigin=\"anonymous\" \/><br\/><br\/><a href=\"https:\/\/en.wikipedia.org\/wiki\/File:R%C3%B6tende_Bl%C3%A4tterwirrling_Daedaleopsis_confragosa.JPG\">https:\/\/en.wikipedia.org\/wiki\/File:R%C3%B6tende_Bl%C3%A4tterwirrling_Daedaleopsis_confragosa.JPG<\/a>'); <\/script><script type=\"text\/javascript\"> toolTips('.classtoolTips2','Dont les lames se touchent.'); <\/script><script type=\"text\/javascript\"> toolTips('.classtoolTips2','Dont les lames se touchent.'); <\/script><script type=\"text\/javascript\"> toolTips('.classtoolTips2','Dont les lames se touchent.'); <\/script><script type=\"text\/javascript\"> toolTips('.classtoolTips5','les lames naissent sur le pied.'); <\/script><script type=\"text\/javascript\"> toolTips('.classtoolTips5','les lames naissent sur le pied.'); <\/script><script type=\"text\/javascript\"> toolTips('.classtoolTips9','Lames droites, rarement d\u00e9currentes, stipe cylindrique. Chair cassante comme de la craie. Pas de Lait. Spores globuleuses \u00e0 \u00e9liptiques, +- orn\u00e9es, r\u00e9agissant \u00e0 l\\'iode.'); <\/script><script type=\"text\/javascript\"> toolTips('.classtoolTips9','Lames droites, rarement d\u00e9currentes, stipe cylindrique. Chair cassante comme de la craie. Pas de Lait. Spores globuleuses \u00e0 \u00e9liptiques, +- orn\u00e9es, r\u00e9agissant \u00e0 l\\'iode.'); <\/script><script type=\"text\/javascript\"> toolTips('.classtoolTips9','Lames droites, rarement d\u00e9currentes, stipe cylindrique. Chair cassante comme de la craie. Pas de Lait. Spores globuleuses \u00e0 \u00e9liptiques, +- orn\u00e9es, r\u00e9agissant \u00e0 l\\'iode.'); <\/script><script type=\"text\/javascript\"> toolTips('.classtoolTips11','le pied'); <\/script><script type=\"text\/javascript\"> toolTips('.classtoolTips11','le pied'); <\/script>","protected":false},"excerpt":{"rendered":"<p>D\u00e9termination des 10 et 11 Septembre 2016 Ces champignons ont \u00e9t\u00e9 r\u00e9colt\u00e9s lors du WE \u00e0 Pr\u00e9novel, massif du Jura dans deux for\u00eats de feuillus\/r\u00e9sineux et une tourbi\u00e8re. Le temps \u00e9tait beau, chaud et tr\u00e8s sec.Cette liste sera compl\u00e9t\u00e9e. Amanita fulva Boletus luridus Boletus pinophilus Cortinaire ? Cratherellus lutescens Cystolepiota (ou Lepiota) hetieri (ou rufescens) [&hellip;]<\/p>\n","protected":false},"author":1,"featured_media":129,"parent":0,"menu_order":0,"comment_status":"closed","ping_status":"closed","template":"","meta":{"advgb_blocks_editor_width":"","advgb_blocks_columns_visual_guide":""},"coauthors":[],"author_meta":{"author_link":"http:\/\/www.smsgl.fr\/wp2\/author\/fresim\/","display_name":"fresim"},"relative_dates":{"created":"Publi\u00e9 5 ans il y a","modified":"Mis \u00e0 jour 5 ans il y a"},"absolute_dates":{"created":"Publi\u00e9 le 1 janvier 2021","modified":"Mise \u00e0 jour le 2 janvier 2021"},"absolute_dates_time":{"created":"Publi\u00e9 le 1 janvier 2021 16h02","modified":"Mise \u00e0 jour le 2 janvier 2021 17h06"},"featured_img_caption":"","featured_img":"http:\/\/www.smsgl.fr\/wp2\/wp-content\/uploads\/2020\/12\/29-agaricus-bitorquis.jpg","series_order":"","publishpress_future_action":{"enabled":false,"date":"2026-05-08 02:23:55","action":"change-status","newStatus":"draft","terms":[],"taxonomy":""},"publishpress_future_workflow_manual_trigger":{"enabledWorkflows":[]},"_links":{"self":[{"href":"http:\/\/www.smsgl.fr\/wp2\/wp-json\/wp\/v2\/pages\/497"}],"collection":[{"href":"http:\/\/www.smsgl.fr\/wp2\/wp-json\/wp\/v2\/pages"}],"about":[{"href":"http:\/\/www.smsgl.fr\/wp2\/wp-json\/wp\/v2\/types\/page"}],"author":[{"embeddable":true,"href":"http:\/\/www.smsgl.fr\/wp2\/wp-json\/wp\/v2\/users\/1"}],"replies":[{"embeddable":true,"href":"http:\/\/www.smsgl.fr\/wp2\/wp-json\/wp\/v2\/comments?post=497"}],"version-history":[{"count":4,"href":"http:\/\/www.smsgl.fr\/wp2\/wp-json\/wp\/v2\/pages\/497\/revisions"}],"predecessor-version":[{"id":867,"href":"http:\/\/www.smsgl.fr\/wp2\/wp-json\/wp\/v2\/pages\/497\/revisions\/867"}],"wp:featuredmedia":[{"embeddable":true,"href":"http:\/\/www.smsgl.fr\/wp2\/wp-json\/wp\/v2\/media\/129"}],"wp:attachment":[{"href":"http:\/\/www.smsgl.fr\/wp2\/wp-json\/wp\/v2\/media?parent=497"}],"curies":[{"name":"wp","href":"https:\/\/api.w.org\/{rel}","templated":true}]}}